{"id":58,"date":"2025-09-23T18:06:05","date_gmt":"2025-09-23T18:06:05","guid":{"rendered":"https:\/\/leam-mx.org\/?page_id=58"},"modified":"2025-11-25T13:37:36","modified_gmt":"2025-11-25T19:37:36","slug":"program","status":"publish","type":"page","link":"https:\/\/leam-mx.org\/es\/program\/","title":{"rendered":"Programa completo"},"content":{"rendered":"<div data-elementor-type=\"wp-page\" data-elementor-id=\"58\" class=\"elementor elementor-58\" data-elementor-post-type=\"page\">\n\t\t\t\t<div class=\"elementor-element elementor-element-76171bd e-flex e-con-boxed e-con e-parent\" data-id=\"76171bd\" data-element_type=\"container\">\n\t\t\t\t\t<div class=\"e-con-inner\">\n\t\t\t\t<div class=\"elementor-element elementor-element-96f9d42 elementor-widget elementor-widget-heading\" data-id=\"96f9d42\" data-element_type=\"widget\" data-widget_type=\"heading.default\">\n\t\t\t\t\t<h4 class=\"elementor-heading-title elementor-size-default\">1er Festival Internacional LEAM<br><br>\n\"Imaginando Futuros Comunes\" Arte, Sustentabilidad y Cambio Clim\u00e1tico\n<\/h4>\t\t\t\t<\/div>\n\t\t\t\t\t<\/div>\n\t\t\t\t<\/div>\n\t\t<div class=\"elementor-element elementor-element-e9e6f32 e-flex e-con-boxed e-con e-parent\" data-id=\"e9e6f32\" data-element_type=\"container\">\n\t\t\t\t\t<div class=\"e-con-inner\">\n\t\t\t\t<div class=\"elementor-element elementor-element-f6ae8b3 e-n-tabs-mobile elementor-widget elementor-widget-n-tabs\" data-id=\"f6ae8b3\" data-element_type=\"widget\" data-settings=\"{&quot;horizontal_scroll&quot;:&quot;disable&quot;}\" data-widget_type=\"nested-tabs.default\">\n\t\t\t\t\t\t\t<div class=\"e-n-tabs\" data-widget-number=\"258664627\" aria-label=\"Tabs. Open items with Enter or Space, close with Escape and navigate using the Arrow keys.\">\n\t\t\t<div class=\"e-n-tabs-heading\" role=\"tablist\">\n\t\t\t\t\t<button id=\"e-n-tab-title-2586646271\" class=\"e-n-tab-title\" aria-selected=\"true\" data-tab-index=\"1\" role=\"tab\" tabindex=\"0\" aria-controls=\"e-n-tab-content-2586646271\" style=\"--n-tabs-title-order: 1;\">\n\t\t\t\t\t\t<span class=\"e-n-tab-title-text\">\n\t\t\t\tD\u00eda 1\t\t\t<\/span>\n\t\t<\/button>\n\t\t\t\t<button id=\"e-n-tab-title-2586646272\" class=\"e-n-tab-title\" aria-selected=\"false\" data-tab-index=\"2\" role=\"tab\" tabindex=\"-1\" aria-controls=\"e-n-tab-content-2586646272\" style=\"--n-tabs-title-order: 2;\">\n\t\t\t\t\t\t<span class=\"e-n-tab-title-text\">\n\t\t\t\tD\u00eda 2\t\t\t<\/span>\n\t\t<\/button>\n\t\t\t\t<button id=\"e-n-tab-title-2586646273\" class=\"e-n-tab-title\" aria-selected=\"false\" data-tab-index=\"3\" role=\"tab\" tabindex=\"-1\" aria-controls=\"e-n-tab-content-2586646273\" style=\"--n-tabs-title-order: 3;\">\n\t\t\t\t\t\t<span class=\"e-n-tab-title-text\">\n\t\t\t\tD\u00eda 3\t\t\t<\/span>\n\t\t<\/button>\n\t\t\t\t<button id=\"e-n-tab-title-2586646274\" class=\"e-n-tab-title\" aria-selected=\"false\" data-tab-index=\"4\" role=\"tab\" tabindex=\"-1\" aria-controls=\"e-n-tab-content-2586646274\" style=\"--n-tabs-title-order: 4;\">\n\t\t\t\t\t\t<span class=\"e-n-tab-title-text\">\n\t\t\t\tD\u00eda 4\t\t\t<\/span>\n\t\t<\/button>\n\t\t\t\t<button id=\"e-n-tab-title-2586646275\" class=\"e-n-tab-title\" aria-selected=\"false\" data-tab-index=\"5\" role=\"tab\" tabindex=\"-1\" aria-controls=\"e-n-tab-content-2586646275\" style=\"--n-tabs-title-order: 5;\">\n\t\t\t\t\t\t<span class=\"e-n-tab-title-text\">\n\t\t\t\tD\u00eda 5\t\t\t<\/span>\n\t\t<\/button>\n\t\t\t\t<button id=\"e-n-tab-title-2586646276\" class=\"e-n-tab-title\" aria-selected=\"false\" data-tab-index=\"6\" role=\"tab\" tabindex=\"-1\" aria-controls=\"e-n-tab-content-2586646276\" style=\"--n-tabs-title-order: 6;\">\n\t\t\t\t\t\t<span class=\"e-n-tab-title-text\">\n\t\t\t\tD\u00eda 6\t\t\t<\/span>\n\t\t<\/button>\n\t\t\t\t<button id=\"e-n-tab-title-2586646277\" class=\"e-n-tab-title\" aria-selected=\"false\" data-tab-index=\"7\" role=\"tab\" tabindex=\"-1\" aria-controls=\"e-n-tab-content-2586646277\" style=\"--n-tabs-title-order: 7;\">\n\t\t\t\t\t\t<span class=\"e-n-tab-title-text\">\n\t\t\t\tD\u00eda 7\t\t\t<\/span>\n\t\t<\/button>\n\t\t\t\t\t<\/div>\n\t\t\t<div class=\"e-n-tabs-content\">\n\t\t\t\t<div id=\"e-n-tab-content-2586646271\" role=\"tabpanel\" aria-labelledby=\"e-n-tab-title-2586646271\" data-tab-index=\"1\" style=\"--n-tabs-title-order: 1;\" class=\"e-active elementor-element elementor-element-9d913b0 e-con-full e-flex e-con e-child\" data-id=\"9d913b0\" data-element_type=\"container\">\n\t\t<div class=\"elementor-element elementor-element-0615333 e-flex e-con-boxed e-con e-child\" data-id=\"0615333\" data-element_type=\"container\">\n\t\t\t\t\t<div class=\"e-con-inner\">\n\t\t<div class=\"elementor-element elementor-element-62af771 e-con-full e-flex e-con e-child\" data-id=\"62af771\" data-element_type=\"container\">\n\t\t\t\t<div class=\"elementor-element elementor-element-d9da29f elementor-widget elementor-widget-heading\" data-id=\"d9da29f\" data-element_type=\"widget\" data-widget_type=\"heading.default\">\n\t\t\t\t\t<span class=\"elementor-heading-title elementor-size-default\">D\u00eda 1<br> \n27 de Noviembre 2025<br><br>\nMuseo Morelense de Arte\nContempor\u00e1neo, Juan Soriano MMAC<\/span>\t\t\t\t<\/div>\n\t\t\t\t<\/div>\n\t\t<div class=\"elementor-element elementor-element-f92da34 e-con-full e-flex e-con e-child\" data-id=\"f92da34\" data-element_type=\"container\">\n\t\t\t\t<div class=\"elementor-element elementor-element-692d178 elementor-widget elementor-widget-text-editor\" data-id=\"692d178\" data-element_type=\"widget\" data-widget_type=\"text-editor.default\">\n\t\t\t\t\t\t\t\t\t<p><strong>D\u00eda de Apertura<\/strong><\/p><p><strong>9:00<br \/><\/strong>Registro<\/p><p><strong>09:30 \u2013 10:00<br \/>Bienvenida LEAM\/MMAC<\/strong><\/p><p><strong>10:00-10:30<\/strong><br \/>Bienvenida: Sintonizando <br \/>Imparte Sabine Vogel<\/p><p><strong>10:30 \u2013 10:50<\/strong> <br \/>Inauguraci\u00f3n del Museo Sonoro y la Instalaci\u00f3n Sonora<\/p><p><strong>10:50 \u2013 11:00<br \/><\/strong>Coffee break<\/p><p><strong>Ponencias D\u00cdA 1: El sonido, el arte, la sustentabilidad y la crisis clim\u00e1tica desde la perspectiva de la biomusicolog\u00eda, la ecomusicolog\u00eda y el artivismo medioambiental.<\/strong><\/p><p><strong>11:00-11:20<\/strong><br \/>Dr. Sabine Feisst (p)<br \/>Escuchar m\u00e1s all\u00e1 de la percepci\u00f3n humana con Jez Riley French y Pheobe Riley Law<\/p><p><strong>11:20 &#8211; 11:40<\/strong><br \/>Ana Maria Romano, Vanessa Valencia Ramos<br \/>Paisajistas Sonoras en Am\u00e9rica Latina (v)<\/p><p><strong>11:40 \u2013 12:00<br \/><\/strong>Ali Balighi PhD candidato<br \/>Ecolog\u00edas resonantes: revisi\u00f3n del papel de la espacializaci\u00f3n y la especificidad del lugar en el arte ambiental electroac\u00fastico<\/p><p><strong>12:00 \u2013 12:20<\/strong><br \/>Dr. Akiva Zamcheck (p)<br \/>Romper el contrato social: revisitando la m\u00fasica de liberaci\u00f3n popular en 2025<\/p><p><strong>12:20 \u2013 12:40<\/strong><br \/>Colectivo LEAM<\/p><p><strong>12:40 \u2013 13:00<\/strong><br \/>Coffee break<\/p><p><strong>13:00 \u2013 14:00<\/strong><br \/><strong>Dr. Gisela Nauck (v) Ponente Principal<br \/><\/strong><strong>Ecolog\u00eda Musical: <\/strong>Un llamado a favor de la vanguardia del siglo XXI<\/p><p><strong>14:00 \u2013 16:00<\/strong><br \/>Comida<\/p><p><strong>Sesiones Paralelas: Talleres<\/strong><br \/><strong><span style=\"letter-spacing: 0px;\">16:00 \u2013 18:00<\/span><\/strong><\/p><p><strong>Workshop: (Piso 6)<\/strong><br \/><strong>Composici\u00f3n para ensambles peque\u00f1os<\/strong><br \/>Imparte Duplum - (Ivan Manzanilla, Fernando Dominguez)<br \/>Dirigido a compositores<br \/><span style=\"letter-spacing: 0px;\"><br \/><strong>Workshop: (Gardens)<\/strong><br \/><\/span><span style=\"letter-spacing: 0px;\"><strong>Sintonizando<\/strong> <br \/><\/span><span style=\"letter-spacing: 0px;\">Imparte Sabine Vogel<br \/><\/span><span style=\"letter-spacing: 0px;\">Para m\u00fasicos, bailarines, performers, artistas visuales y personas interesadas<\/span><\/p><p><strong>Workshop: (T2)<\/strong><br \/>Imparte We Spoke<br \/>Para percusionistas y m\u00fasicos<\/p><p><strong>Concierto D\u00eda 1<\/strong><br \/><span style=\"letter-spacing: 0px;\"><strong>18:00 \u2013 19:00<\/strong><br \/><\/span><span style=\"letter-spacing: 0px;\">Duplum<\/span><\/p><p><span style=\"letter-spacing: 0px;\"><strong>19:00 \u2013 20:00<\/strong><br \/><\/span><span style=\"letter-spacing: 0px;\">Colectivo LEAM<\/span><\/p><p><strong>20:00 \u2013 21:00<\/strong><br \/>We Spoke<br \/><span style=\"letter-spacing: 0px;\"><br \/><strong>21:30<br \/><\/strong>Cena<br \/><\/span><\/p>\t\t\t\t\t\t\t\t<\/div>\n\t\t\t\t<\/div>\n\t\t\t\t\t<\/div>\n\t\t\t\t<\/div>\n\t\t<div class=\"elementor-element elementor-element-d606f94 e-flex e-con-boxed e-con e-child\" data-id=\"d606f94\" data-element_type=\"container\">\n\t\t\t\t\t<div class=\"e-con-inner\">\n\t\t<div class=\"elementor-element elementor-element-06a74fa e-con-full e-flex e-con e-child\" data-id=\"06a74fa\" data-element_type=\"container\">\n\t\t\t\t<\/div>\n\t\t\t\t\t<\/div>\n\t\t\t\t<\/div>\n\t\t\t\t<\/div>\n\t\t<div id=\"e-n-tab-content-2586646272\" role=\"tabpanel\" aria-labelledby=\"e-n-tab-title-2586646272\" data-tab-index=\"2\" style=\"--n-tabs-title-order: 2;\" class=\"elementor-element elementor-element-a243379 e-con-full e-flex e-con e-child\" data-id=\"a243379\" data-element_type=\"container\">\n\t\t<div class=\"elementor-element elementor-element-18fd2ef e-flex e-con-boxed e-con e-child\" data-id=\"18fd2ef\" data-element_type=\"container\">\n\t\t\t\t\t<div class=\"e-con-inner\">\n\t\t<div class=\"elementor-element elementor-element-b1e309f e-con-full e-flex e-con e-child\" data-id=\"b1e309f\" data-element_type=\"container\">\n\t\t\t\t<div class=\"elementor-element elementor-element-1a924f6 elementor-widget elementor-widget-heading\" data-id=\"1a924f6\" data-element_type=\"widget\" data-widget_type=\"heading.default\">\n\t\t\t\t\t<span class=\"elementor-heading-title elementor-size-default\">D\u00eda 2<br> \n28 de Noviembre 2025<br><br>\nMuseo Morelense de Arte\nContempor\u00e1neo, Juan Soriano MMAC<\/span>\t\t\t\t<\/div>\n\t\t\t\t<\/div>\n\t\t<div class=\"elementor-element elementor-element-a493401 e-con-full e-flex e-con e-child\" data-id=\"a493401\" data-element_type=\"container\">\n\t\t\t\t<div class=\"elementor-element elementor-element-471503f elementor-widget elementor-widget-text-editor\" data-id=\"471503f\" data-element_type=\"widget\" data-widget_type=\"text-editor.default\">\n\t\t\t\t\t\t\t\t\t<p><strong>8:00 \u2013 9:40<\/strong><br \/>Taller de Grabaci\u00f3n de Campo<br \/>Introducci\u00f3n a la bioac\u00fastica y la identificaci\u00f3n de aves<br \/>Dr. Fernando Gonz\u00e1lez, Dr. Fernando Urbina<\/p><p><strong>09:40 \u2013 10:00<br \/><\/strong> Descanso<\/p><p><strong>Ponencias D\u00eda 2: ARTE &amp; CIENCIA, bioac\u00fastica y estudios del paisaje sonoro<\/strong><\/p><p><strong>10:00 \u2013 10:20<\/strong><br \/>Dr. Fernando Gonzalez (p)<br \/>Bioac\u00fastica y Ecoac\u00fastica para la biodiversidad<\/p><p><strong>10:20 \u2013 10:40<\/strong><br \/>Dr. Roberto Sosa (v)<br \/>La bioac\u00fastica como herramienta para medir el impacto del cambio clim\u00e1tico en el comportamiento de las aves<\/p><p><strong>10:40 \u2013 11:00<\/strong><br \/>Dr. Fernando Urbina (p)<br \/>Experiencias en la grabaci\u00f3n de sonidos de aves<\/p><p><strong>11:00 \u2013 11:20<\/strong><br \/>Dr. Anastasia Georgaki y Nikolaos Ph.D. student (v)<br \/>Coros del Amanecer: Estudio del paisaje sonoro del amanecer ateniense mediante t\u00e9cnicas de an\u00e1lisis del paisaje sonoro.<\/p><p><strong>11:20 \u2013 11:40<\/strong><br \/>Dra. Gisela Giardino (v)<br \/>El oc\u00e9ano sonoro: c\u00f3mo escuchan, se comunican y resisten los mam\u00edferos marinos en un mar que cambia<\/p><p><strong>11:40 \u2013 12:00<\/strong><br \/>Dra. Paola Moscoso (v)<br \/>Voces del Bosque<\/p><p><strong>12:00 \u2013 12:20<\/strong><br \/>Dr. Joseph Chavez (p)<br \/>Sincronizaci\u00f3n del pulso y din\u00e1mica de la atenci\u00f3n<\/p><p><strong>12:20 \u2013 12:40<\/strong><br \/>Gaby deisolbi Ph.D. student (p)<br \/>El canto de la abeja reina: arte sonoro en la biocomunicaci\u00f3n<\/p><p><strong>12:40 \u2013 13:00<\/strong><br \/>Dra. Berenice Arnold (p)<br \/>El mar de Siringe<\/p><p><strong>13:00 \u2013 14:00<\/strong><br \/><strong>Bernie Bastien \u2013 Ponente principal<\/strong><\/p><p><strong>14:00 \u2013 16:00<\/strong><br \/>Comida<\/p><p>Sesiones Paralelas: Talleres<\/p><p><strong>16:00 \u2013 18:00<\/strong><br \/><strong>Workshop: (Piso 6)<\/strong><br \/><strong>Composici\u00f3n para ensambles peque\u00f1os<\/strong><br \/>Imparte Duplum  (Ivan Manzanilla, Fernando Dominguez)<br \/>Dirigido a compositores<\/p><p><strong>Workshop: (Gardens)<\/strong><br \/>Sintonizando<br \/>Imparte Sabine Vogel<br \/>Para m\u00fasicos, bailarines, performers, artistas visuales y personas interesadas<\/p><p><strong>Workshop: (T2)<\/strong><br \/>Imparte We Spoke <br \/>Para percusionistas y m\u00fasicos<\/p><p><strong>Concerts DAY 2<\/strong><\/p><p><strong>18:00 \u2013 19:00\u00a0<\/strong><br \/>Ensamble Liminar<\/p><p><strong>19:00 \u2013 20:00<br \/><\/strong>Humano-no-humano<\/p><p>Sabine Vogel (20\u201900)<br \/>CH\u2019\u00cdICH<\/p><p>Tania Rubio<br \/>The Guardinas (10\u201900)<br \/>Insect City (10&#8217;00)<\/p><p><strong>20:00 \u2013 21:00<\/strong><br \/>Concierto Electroac\u00fastico<br \/>Imaginando Futuros Comunes \"Selecci\u00f3n de la Convocatoria\"<\/p><p><strong>21:30<\/strong><br \/>Cena<\/p>\t\t\t\t\t\t\t\t<\/div>\n\t\t\t\t<\/div>\n\t\t\t\t\t<\/div>\n\t\t\t\t<\/div>\n\t\t\t\t<\/div>\n\t\t<div id=\"e-n-tab-content-2586646273\" role=\"tabpanel\" aria-labelledby=\"e-n-tab-title-2586646273\" data-tab-index=\"3\" style=\"--n-tabs-title-order: 3;\" class=\"elementor-element elementor-element-7aac9e8 e-con-full e-flex e-con e-child\" data-id=\"7aac9e8\" data-element_type=\"container\">\n\t\t<div class=\"elementor-element elementor-element-9c9f1f4 e-flex e-con-boxed e-con e-child\" data-id=\"9c9f1f4\" data-element_type=\"container\">\n\t\t\t\t\t<div class=\"e-con-inner\">\n\t\t<div class=\"elementor-element elementor-element-b264aa5 e-con-full e-flex e-con e-child\" data-id=\"b264aa5\" data-element_type=\"container\">\n\t\t\t\t<div class=\"elementor-element elementor-element-eac8938 elementor-widget elementor-widget-heading\" data-id=\"eac8938\" data-element_type=\"widget\" data-widget_type=\"heading.default\">\n\t\t\t\t\t<span class=\"elementor-heading-title elementor-size-default\">D\u00eda 3<br> \n29 de Noviembre 2025<br><br>\nMuseo Morelense de Arte\nContempor\u00e1neo, Juan Soriano MMAC<\/span>\t\t\t\t<\/div>\n\t\t\t\t<\/div>\n\t\t<div class=\"elementor-element elementor-element-0e465aa e-con-full e-flex e-con e-child\" data-id=\"0e465aa\" data-element_type=\"container\">\n\t\t\t\t<div class=\"elementor-element elementor-element-bee796b elementor-widget elementor-widget-text-editor\" data-id=\"bee796b\" data-element_type=\"widget\" data-widget_type=\"text-editor.default\">\n\t\t\t\t\t\t\t\t\t<p><strong>8:00 \u2013 9:40<\/strong><br \/>Taller de Grabaci\u00f3n de Campo<br \/>Introducci\u00f3n a la bioac\u00fastica y la identificaci\u00f3n de aves<br \/>Dr. Fernando Gonz\u00e1lez, Dr. Roberto Sosa, Dr. Fernando Urbina<\/p><p><strong>09:40 \u2013 10:00<\/strong> <br \/>Descanso<\/p><p><strong>Ponencias D\u00eda 3: Ecolog\u00edas de la escucha, grabaci\u00f3n de campo, fonograf\u00eda, ecoac\u00fastica.<\/strong><\/p><p><strong>10:00 \u2013 10:20<\/strong><br \/>Dr. Francisco Rivas (p)<br \/>Fonograf\u00eda cr\u00edtica: contemplaci\u00f3n y modos de agencia<\/p><p><strong>10:20 \u2013 10:40<\/strong><br \/>Dra. Luz Mar\u00eda (v)<br \/>Audiencias salvajes: gram\u00e1ticas cr\u00edticas para habitar la crisis<\/p><p><strong>10:40 \u2013 11:00<\/strong><br \/>Dra. Elisa Corona (p)<br \/>Los campos se visten de color: naturaleza rom\u00e1ntica, luchas sindicales\ny arte medioambiental (o c\u00f3mo aprend\u00ed a desconfiar de los estudiosos del\nAntropoceno)<\/p><p><strong>11:00 \u2013 11:20<\/strong><br \/>Ma. Jessica Romero (v)<br \/>Est\u00e9ticas del habitar: sensibilidad, \u00e9tica y afectividad sonora<\/p><p><strong>11:20 \u2013 11:40<\/strong><br \/>Akire Erika Karina Jimenez (p)<br \/>Ma tikkakikan in tetsawitl &#8220;Augurios Aurales&#8221;<\/p><p><strong>11:40 \u2013 12:00<\/strong><br \/>Dra. Cielo Vargas G\u00f3mez (v)<br \/>Recolectando papas. Escuchar como medio entre la invocaci\u00f3n y la evocaci\u00f3n del territorio.<\/p><p><strong>12:00 \u2013 12:20<\/strong><br \/>Dra. Iracema de Andrade (p)<br \/>Ecolog\u00edas del paisaje sonoro urbano: escucha cr\u00edtica desde la Ciudad de M\u00e9xico<\/p><p><strong>12:20 \u2013 12:40<\/strong><br \/>Dr. Roberto Morales (p)<br \/>Rese\u00f1as y nuevos misterios creativos<\/p><p><strong>12:40 \u2013 13:00<\/strong><br \/>Dr. Anastasia Georgaki (v)<br \/>La ciencia del canto de las cigarras: el caso de las cigarras de arroyo<\/p><p><strong>13:00 \u2013 14:00<\/strong><br \/><strong>Dr. David Monacchi (v) Ponente Principal<\/strong><\/p><p><strong>14:00 \u2013 16:00<\/strong><br \/>Comida<\/p><p><strong>Taller<br \/><\/strong><strong>16:00 \u2013 17:30<\/strong><br \/>Taller para Infantes (T2)<br \/>Imparte Gilberto Ram\u00edrez<\/p><p><strong>17:30 \u2013 18:00<\/strong><br \/>Sonido y Medio Ambiente<br \/>Children&#8217;s Concert (Cube)<br \/>By Entre Cuerdas y Trinos Ensemble<\/p><p><strong>18:00 \u2013 19:30<\/strong><br \/><strong>Conciertos D\u00eda 3<\/strong><br \/><strong>Composici\u00f3n electroac\u00fastica con paisaje sonoro<\/strong><\/p><p>Antonio Russek<br \/>Recordando Octubre<\/p><p>Manuel Rocha<br \/>Casi Nada<\/p><p>Rodrigo Sigal<br \/>Sue\u00f1o para armar<\/p><p>Roberto Morales<br \/>Resonancias Sist\u00e9micas<\/p><p><strong>19:30 \u2013 20:00<\/strong><br \/>Hifa<br \/>Lol-Ha Biom\u00fasica Audiovisual<\/p><p><strong>20:00 \u2013 21:00<br \/><\/strong>We Spoke<\/p><p><strong>21:30<\/strong><br \/>Cena<\/p>\t\t\t\t\t\t\t\t<\/div>\n\t\t\t\t<\/div>\n\t\t\t\t\t<\/div>\n\t\t\t\t<\/div>\n\t\t\t\t<\/div>\n\t\t<div id=\"e-n-tab-content-2586646274\" role=\"tabpanel\" aria-labelledby=\"e-n-tab-title-2586646274\" data-tab-index=\"4\" style=\"--n-tabs-title-order: 4;\" class=\"elementor-element elementor-element-c3c0bcc e-con-full e-flex e-con e-child\" data-id=\"c3c0bcc\" data-element_type=\"container\">\n\t\t<div class=\"elementor-element elementor-element-6bd2857 e-flex e-con-boxed e-con e-child\" data-id=\"6bd2857\" data-element_type=\"container\">\n\t\t\t\t\t<div class=\"e-con-inner\">\n\t\t<div class=\"elementor-element elementor-element-9f8b0d4 e-con-full e-flex e-con e-child\" data-id=\"9f8b0d4\" data-element_type=\"container\">\n\t\t\t\t<div class=\"elementor-element elementor-element-5df93b5 elementor-widget elementor-widget-heading\" data-id=\"5df93b5\" data-element_type=\"widget\" data-widget_type=\"heading.default\">\n\t\t\t\t\t<span class=\"elementor-heading-title elementor-size-default\">DAY 4<br> \n30 de Noviembre 2025<br><br>\n<\/span>\t\t\t\t<\/div>\n\t\t\t\t<\/div>\n\t\t<div class=\"elementor-element elementor-element-7ca8677 e-con-full e-flex e-con e-child\" data-id=\"7ca8677\" data-element_type=\"container\">\n\t\t\t\t<div class=\"elementor-element elementor-element-a6f59f0 elementor-widget elementor-widget-text-editor\" data-id=\"a6f59f0\" data-element_type=\"widget\" data-widget_type=\"text-editor.default\">\n\t\t\t\t\t\t\t\t\t<p>D\u00eda de clausura en Morelos<br \/>8:00 \u2013 9:00<\/p><p>Traslado a las ruinas arqueol\u00f3gicas de Xochicalco<br \/>Viaje limitado a 30 personas (registro previo durante la conferencia) (actividad con costo)<\/p><p>9:00 -10:00<br \/>Sintonizando<br \/>Sabine Vogel<\/p><p>10:00 \u2013 11:00<br \/>Caminatas Sonoras <br \/>Colectivo LEAM<\/p><p>11:00 \u2013 12:00<br \/>Actividad por confirmarse<\/p><p>12:00 \u2013 13:30<br \/>Visita Guiada a la zona arqueol\u00f3gica<\/p><p>13:30 \u2013 14:00<br \/>Traslado a Coatetelco<br \/>Viaje limitado a 30 personas (registro previo durante la conferencia) (actividad con costo)<\/p><p>14:00 \u2013 16:00<br \/>Comida en el Lago de Coatetelco<\/p><p>16:00 \u2013 17: 00<br \/>Charla impartida por la comunidad de Coatetelco<br \/>El lago de Coatetelco como herencia biocultural<\/p><p>17:00 \u2013 18:00<br \/>Traslado de regreso a Cuernavaca<\/p>\t\t\t\t\t\t\t\t<\/div>\n\t\t\t\t<\/div>\n\t\t\t\t\t<\/div>\n\t\t\t\t<\/div>\n\t\t\t\t<\/div>\n\t\t<div id=\"e-n-tab-content-2586646275\" role=\"tabpanel\" aria-labelledby=\"e-n-tab-title-2586646275\" data-tab-index=\"5\" style=\"--n-tabs-title-order: 5;\" class=\"elementor-element elementor-element-8244ec7 e-con-full e-flex e-con e-child\" data-id=\"8244ec7\" data-element_type=\"container\">\n\t\t<div class=\"elementor-element elementor-element-2e2697e e-flex e-con-boxed e-con e-child\" data-id=\"2e2697e\" data-element_type=\"container\">\n\t\t\t\t\t<div class=\"e-con-inner\">\n\t\t<div class=\"elementor-element elementor-element-15dae4e e-con-full e-flex e-con e-child\" data-id=\"15dae4e\" data-element_type=\"container\">\n\t\t\t\t<div class=\"elementor-element elementor-element-19a7644 elementor-widget elementor-widget-heading\" data-id=\"19a7644\" data-element_type=\"widget\" data-widget_type=\"heading.default\">\n\t\t\t\t\t<span class=\"elementor-heading-title elementor-size-default\">D\u00eda 5<br> \n01 de Diciembre 2025<br><br>\n<\/span>\t\t\t\t<\/div>\n\t\t\t\t<\/div>\n\t\t<div class=\"elementor-element elementor-element-3c21ec6 e-con-full e-flex e-con e-child\" data-id=\"3c21ec6\" data-element_type=\"container\">\n\t\t\t\t<div class=\"elementor-element elementor-element-bd1abd3 elementor-widget elementor-widget-text-editor\" data-id=\"bd1abd3\" data-element_type=\"widget\" data-widget_type=\"text-editor.default\">\n\t\t\t\t\t\t\t\t\t<h3 style=\"text-align: center;\">Traslado a Ciudad de M\u00e9xico<\/h3><h3 style=\"text-align: center;\">D\u00eda Libre<\/h3>\t\t\t\t\t\t\t\t<\/div>\n\t\t\t\t<\/div>\n\t\t\t\t\t<\/div>\n\t\t\t\t<\/div>\n\t\t\t\t<\/div>\n\t\t<div id=\"e-n-tab-content-2586646276\" role=\"tabpanel\" aria-labelledby=\"e-n-tab-title-2586646276\" data-tab-index=\"6\" style=\"--n-tabs-title-order: 6;\" class=\"elementor-element elementor-element-276a12c e-con-full e-flex e-con e-child\" data-id=\"276a12c\" data-element_type=\"container\">\n\t\t<div class=\"elementor-element elementor-element-30bc1d6 e-flex e-con-boxed e-con e-child\" data-id=\"30bc1d6\" data-element_type=\"container\">\n\t\t\t\t\t<div class=\"e-con-inner\">\n\t\t<div class=\"elementor-element elementor-element-643e9a7 e-con-full e-flex e-con e-child\" data-id=\"643e9a7\" data-element_type=\"container\">\n\t\t\t\t<div class=\"elementor-element elementor-element-d270a10 elementor-widget elementor-widget-heading\" data-id=\"d270a10\" data-element_type=\"widget\" data-widget_type=\"heading.default\">\n\t\t\t\t\t<span class=\"elementor-heading-title elementor-size-default\">D\u00eda 6<br> \n02 de Diciembre 2025<br><br>\nGOETHE-INSTITUT<\/span>\t\t\t\t<\/div>\n\t\t\t\t<\/div>\n\t\t<div class=\"elementor-element elementor-element-544be7c e-con-full e-flex e-con e-child\" data-id=\"544be7c\" data-element_type=\"container\">\n\t\t\t\t<div class=\"elementor-element elementor-element-c340028 elementor-widget elementor-widget-text-editor\" data-id=\"c340028\" data-element_type=\"widget\" data-widget_type=\"text-editor.default\">\n\t\t\t\t\t\t\t\t\t<p><strong>11:00 \u2013 12:30<\/strong><br \/>Taller<br \/>We Spoke<\/p><p><strong>12:30 -13:30<\/strong><br \/>Sesi\u00f3n de Escucha<br \/>Convocatoria LEAM<\/p><p><strong>14:00 \u2013 16:00<\/strong><br \/>Comida<\/p><p><strong>16:00 \u2013 17:00<\/strong><br \/>Presentaci\u00f3n<br \/>Duplum<\/p><p><strong>17:00 \u2013 18:00<\/strong><br \/>Presentaci\u00f3n<br \/>Sabine Vogel<\/p><p><strong>18:00 \u2013 19:00<\/strong><br \/>Presentaci\u00f3n<br \/>Tania Rubio<\/p><p><strong>19:00 \u2013 20:00<\/strong><br \/>Presentaci\u00f3n<br \/>We Spoke<\/p><p><strong>20:30\u00a0<\/strong><br \/>Cena<\/p>\t\t\t\t\t\t\t\t<\/div>\n\t\t\t\t<\/div>\n\t\t\t\t\t<\/div>\n\t\t\t\t<\/div>\n\t\t\t\t<\/div>\n\t\t<div id=\"e-n-tab-content-2586646277\" role=\"tabpanel\" aria-labelledby=\"e-n-tab-title-2586646277\" data-tab-index=\"7\" style=\"--n-tabs-title-order: 7;\" class=\"elementor-element elementor-element-7201778 e-con-full e-flex e-con e-child\" data-id=\"7201778\" data-element_type=\"container\">\n\t\t<div class=\"elementor-element elementor-element-5a6998a e-flex e-con-boxed e-con e-child\" data-id=\"5a6998a\" data-element_type=\"container\">\n\t\t\t\t\t<div class=\"e-con-inner\">\n\t\t<div class=\"elementor-element elementor-element-243f996 e-con-full e-flex e-con e-child\" data-id=\"243f996\" data-element_type=\"container\">\n\t\t\t\t<div class=\"elementor-element elementor-element-aab521a elementor-widget elementor-widget-heading\" data-id=\"aab521a\" data-element_type=\"widget\" data-widget_type=\"heading.default\">\n\t\t\t\t\t<span class=\"elementor-heading-title elementor-size-default\">D\u00eda 7<br> \n03 de Diciembre 2025<br><br> Sonidario, Sala de Escucha Inmersiva de la Fonoteca Nacional en los Pinos\n<br><br> \nEvento organizado en colaboraci\u00f3n con la Fonoteca Nacional\n\n<\/span>\t\t\t\t<\/div>\n\t\t\t\t<\/div>\n\t\t<div class=\"elementor-element elementor-element-9d95362 e-con-full e-flex e-con e-child\" data-id=\"9d95362\" data-element_type=\"container\">\n\t\t\t\t<div class=\"elementor-element elementor-element-3c2a321 elementor-widget elementor-widget-text-editor\" data-id=\"3c2a321\" data-element_type=\"widget\" data-widget_type=\"text-editor.default\">\n\t\t\t\t\t\t\t\t\t<p><strong>10:00 \u2013 13:00<\/strong><br \/>Taller<br \/>Introducci\u00f3n al Audio 3D<br \/>Dr. Garth Paine<br \/>*Limitado a 20 personas (se requiere inscripci\u00f3n previa)<\/p><p><strong>13:00<br \/><\/strong>Descanso<\/p><p><strong>13:30 \u2013 14:30<\/strong><br \/>Presentaci\u00f3n del Libro<br \/>Gu\u00eda de campo para la escucha ambiental<\/p><p><strong>14:30 \u2013 16:00<\/strong><br \/>Comida<\/p><p><strong>1<span style=\"letter-spacing: 0px;\">6:00 \u2013 17:00<br \/><\/span><\/strong>Sesion de Escucha<br \/>Dr. Garth Paine<\/p><p><strong>17:00 \u2013 18:00<\/strong><br \/>Concierto de Clausura con Invitados<br \/>Colectivo LEAM<br \/>We Spoke<br \/>Garth Paine<\/p>\t\t\t\t\t\t\t\t<\/div>\n\t\t\t\t<\/div>\n\t\t\t\t\t<\/div>\n\t\t\t\t<\/div>\n\t\t\t\t<\/div>\n\t\t\t\t\t<\/div>\n\t\t<\/div>\n\t\t\t\t\t\t<\/div>\n\t\t\t\t\t<\/div>\n\t\t\t\t<\/div>\n\t\t\t\t<\/div>","protected":false},"excerpt":{"rendered":"<p>1st International Festival LEAM \u201cImagining Common Futures\u201d Art, Sustainability and Climate Change Day 1 Day 2 Day 3 Day 4 Day 5 Day 6 Day 7<span class=\"excerpt-hellip\"> [\u2026]<\/span><\/p>","protected":false},"author":1,"featured_media":-1,"parent":0,"menu_order":8,"comment_status":"closed","ping_status":"closed","template":"","meta":{"footnotes":""},"class_list":["post-58","page","type-page","status-publish","has-post-thumbnail","hentry"],"_links":{"self":[{"href":"https:\/\/leam-mx.org\/es\/wp-json\/wp\/v2\/pages\/58","targetHints":{"allow":["GET"]}}],"collection":[{"href":"https:\/\/leam-mx.org\/es\/wp-json\/wp\/v2\/pages"}],"about":[{"href":"https:\/\/leam-mx.org\/es\/wp-json\/wp\/v2\/types\/page"}],"author":[{"embeddable":true,"href":"https:\/\/leam-mx.org\/es\/wp-json\/wp\/v2\/users\/1"}],"replies":[{"embeddable":true,"href":"https:\/\/leam-mx.org\/es\/wp-json\/wp\/v2\/comments?post=58"}],"version-history":[{"count":309,"href":"https:\/\/leam-mx.org\/es\/wp-json\/wp\/v2\/pages\/58\/revisions"}],"predecessor-version":[{"id":1753,"href":"https:\/\/leam-mx.org\/es\/wp-json\/wp\/v2\/pages\/58\/revisions\/1753"}],"wp:featuredmedia":[{"embeddable":true,"href":"https:\/\/leam-mx.org\/es\/wp-json\/"}],"wp:attachment":[{"href":"https:\/\/leam-mx.org\/es\/wp-json\/wp\/v2\/media?parent=58"}],"curies":[{"name":"wp","href":"https:\/\/api.w.org\/{rel}","templated":true}]}}