{"id":74,"date":"2025-09-23T18:20:22","date_gmt":"2025-09-23T18:20:22","guid":{"rendered":"https:\/\/leam-mx.org\/?page_id=74"},"modified":"2025-11-24T23:39:31","modified_gmt":"2025-11-25T05:39:31","slug":"conference-program","status":"publish","type":"page","link":"https:\/\/leam-mx.org\/es\/program\/conference-program\/","title":{"rendered":"Programa de Conferencias"},"content":{"rendered":"<div data-elementor-type=\"wp-page\" data-elementor-id=\"74\" class=\"elementor elementor-74\" data-elementor-post-type=\"page\">\n\t\t\t\t<div class=\"elementor-element elementor-element-6ea00ec e-flex e-con-boxed e-con e-parent\" data-id=\"6ea00ec\" data-element_type=\"container\">\n\t\t\t\t\t<div class=\"e-con-inner\">\n\t\t\t\t<div class=\"elementor-element elementor-element-4fa0cd2 elementor-widget elementor-widget-heading\" data-id=\"4fa0cd2\" data-element_type=\"widget\" data-widget_type=\"heading.default\">\n\t\t\t\t\t<h4 class=\"elementor-heading-title elementor-size-default\">1er Festival Internacional LEAM<br><br>\n\"Imaginando Futuros Comunes\" Arte, Sustentabilidad y Cambio Clim\u00e1tico\n<br><strong>\n<\/h4>\t\t\t\t<\/div>\n\t\t\t\t\t<\/div>\n\t\t\t\t<\/div>\n\t\t<div class=\"elementor-element elementor-element-76d8112 e-flex e-con-boxed e-con e-parent\" data-id=\"76d8112\" data-element_type=\"container\">\n\t\t\t\t\t<div class=\"e-con-inner\">\n\t\t\t\t<div class=\"elementor-element elementor-element-5ae410a e-n-tabs-mobile elementor-widget elementor-widget-n-tabs\" data-id=\"5ae410a\" data-element_type=\"widget\" data-settings=\"{&quot;horizontal_scroll&quot;:&quot;disable&quot;}\" data-widget_type=\"nested-tabs.default\">\n\t\t\t\t\t\t\t<div class=\"e-n-tabs\" data-widget-number=\"95305994\" aria-label=\"Tabs. Open items with Enter or Space, close with Escape and navigate using the Arrow keys.\">\n\t\t\t<div class=\"e-n-tabs-heading\" role=\"tablist\">\n\t\t\t\t\t<button id=\"e-n-tab-title-953059941\" class=\"e-n-tab-title\" aria-selected=\"true\" data-tab-index=\"1\" role=\"tab\" tabindex=\"0\" aria-controls=\"e-n-tab-content-953059941\" style=\"--n-tabs-title-order: 1;\">\n\t\t\t\t\t\t<span class=\"e-n-tab-title-text\">\n\t\t\t\tD\u00eda 1\t\t\t<\/span>\n\t\t<\/button>\n\t\t\t\t<button id=\"e-n-tab-title-953059942\" class=\"e-n-tab-title\" aria-selected=\"false\" data-tab-index=\"2\" role=\"tab\" tabindex=\"-1\" aria-controls=\"e-n-tab-content-953059942\" style=\"--n-tabs-title-order: 2;\">\n\t\t\t\t\t\t<span class=\"e-n-tab-title-text\">\n\t\t\t\tD\u00eda 2\t\t\t<\/span>\n\t\t<\/button>\n\t\t\t\t<button id=\"e-n-tab-title-953059943\" class=\"e-n-tab-title\" aria-selected=\"false\" data-tab-index=\"3\" role=\"tab\" tabindex=\"-1\" aria-controls=\"e-n-tab-content-953059943\" style=\"--n-tabs-title-order: 3;\">\n\t\t\t\t\t\t<span class=\"e-n-tab-title-text\">\n\t\t\t\tD\u00eda 3\t\t\t<\/span>\n\t\t<\/button>\n\t\t\t\t\t<\/div>\n\t\t\t<div class=\"e-n-tabs-content\">\n\t\t\t\t<div id=\"e-n-tab-content-953059941\" role=\"tabpanel\" aria-labelledby=\"e-n-tab-title-953059941\" data-tab-index=\"1\" style=\"--n-tabs-title-order: 1;\" class=\"e-active elementor-element elementor-element-57870ae e-con-full e-flex e-con e-child\" data-id=\"57870ae\" data-element_type=\"container\">\n\t\t<div class=\"elementor-element elementor-element-89b6f8f e-con-full e-flex e-con e-child\" data-id=\"89b6f8f\" data-element_type=\"container\">\n\t\t\t\t<div class=\"elementor-element elementor-element-897d3df elementor-widget elementor-widget-heading\" data-id=\"897d3df\" data-element_type=\"widget\" data-widget_type=\"heading.default\">\n\t\t\t\t\t<p class=\"elementor-heading-title elementor-size-default\">D\u00eda 1<br> \n27 de Noviembre 2025<br><br><\/p>\t\t\t\t<\/div>\n\t\t\t\t<div class=\"elementor-element elementor-element-9e2aa85 elementor-widget elementor-widget-heading\" data-id=\"9e2aa85\" data-element_type=\"widget\" data-widget_type=\"heading.default\">\n\t\t\t\t\t<p class=\"elementor-heading-title elementor-size-default\">Sonido, Arte, Sustentabilidad y la Crisis Clim\u00e1tica a trav\u00e9s de los lentes de la Biomusicolog\u00eda, la Ecomusicolog\u00eda y el Artivismo Ambiental<\/p>\t\t\t\t<\/div>\n\t\t\t\t<div class=\"elementor-element elementor-element-f271108 elementor-align-justify elementor-widget__width-initial elementor-widget elementor-widget-button\" data-id=\"f271108\" data-element_type=\"widget\" data-widget_type=\"button.default\">\n\t\t\t\t\t\t\t\t\t\t<a class=\"elementor-button elementor-button-link elementor-size-sm\" href=\"https:\/\/www.eventbrite.es\/e\/leam-fest-2025-conferencias-27-al-29-de-noviembre-mmac-tickets-1803380893799?aff=oddtdtcreator&#038;keep_tld=1\" target=\"_blank\">\n\t\t\t\t\t\t<span class=\"elementor-button-content-wrapper\">\n\t\t\t\t\t\t\t\t\t<span class=\"elementor-button-text\">Consigue tus boletos<\/span>\n\t\t\t\t\t<\/span>\n\t\t\t\t\t<\/a>\n\t\t\t\t\t\t\t\t<\/div>\n\t\t\t\t<\/div>\n\t\t<div class=\"elementor-element elementor-element-1e03da7 e-con-full e-flex e-con e-child\" data-id=\"1e03da7\" data-element_type=\"container\">\n\t\t<div class=\"elementor-element elementor-element-300108d e-con-full e-flex e-con e-child\" data-id=\"300108d\" data-element_type=\"container\">\n\t\t\t\t<\/div>\n\t\t<div class=\"elementor-element elementor-element-9e3ea12 e-con-full e-flex e-con e-child\" data-id=\"9e3ea12\" data-element_type=\"container\">\n\t\t\t\t<div class=\"elementor-element elementor-element-890986c elementor-widget__width-initial elementor-widget elementor-widget-heading\" data-id=\"890986c\" data-element_type=\"widget\" data-widget_type=\"heading.default\">\n\t\t\t\t\t<h6 class=\"elementor-heading-title elementor-size-default\">11:00 - 11:20<\/h6>\t\t\t\t<\/div>\n\t\t\t\t<div class=\"elementor-element elementor-element-3bf7745 elementor-widget__width-initial elementor-widget elementor-widget-text-editor\" data-id=\"3bf7745\" data-element_type=\"widget\" data-widget_type=\"text-editor.default\">\n\t\t\t\t\t\t\t\t\t<h5>Dr. Sabine Feisst<\/h5><p>Escuchar m\u00e1s all\u00e1 de la percepci\u00f3n humana con Jez Riley French y Pheobe Riley Law<\/p>\t\t\t\t\t\t\t\t<\/div>\n\t\t\t\t<\/div>\n\t\t<div class=\"elementor-element elementor-element-63823ae e-con-full e-flex e-con e-child\" data-id=\"63823ae\" data-element_type=\"container\">\n\t\t\t\t<\/div>\n\t\t<div class=\"elementor-element elementor-element-be4d519 e-con-full e-flex e-con e-child\" data-id=\"be4d519\" data-element_type=\"container\">\n\t\t\t\t<div class=\"elementor-element elementor-element-0d0e746 elementor-widget__width-initial elementor-widget elementor-widget-heading\" data-id=\"0d0e746\" data-element_type=\"widget\" data-widget_type=\"heading.default\">\n\t\t\t\t\t<h6 class=\"elementor-heading-title elementor-size-default\">11:20 \u2013 11:40<\/h6>\t\t\t\t<\/div>\n\t\t\t\t<div class=\"elementor-element elementor-element-2157a72 elementor-widget__width-initial elementor-widget elementor-widget-text-editor\" data-id=\"2157a72\" data-element_type=\"widget\" data-widget_type=\"text-editor.default\">\n\t\t\t\t\t\t\t\t\t<h5>Ana Maria Romano, Vanessa Valencia Ramos<\/h5><p>Paisajistas Sonoras (v)<\/p>\t\t\t\t\t\t\t\t<\/div>\n\t\t\t\t<\/div>\n\t\t<div class=\"elementor-element elementor-element-02640c4 e-con-full e-flex e-con e-child\" data-id=\"02640c4\" data-element_type=\"container\">\n\t\t\t\t<div class=\"elementor-element elementor-element-a72d4e4 elementor-widget__width-initial elementor-widget elementor-widget-heading\" data-id=\"a72d4e4\" data-element_type=\"widget\" data-widget_type=\"heading.default\">\n\t\t\t\t\t<h6 class=\"elementor-heading-title elementor-size-default\">11:40 \u2013 12:00<\/h6>\t\t\t\t<\/div>\n\t\t\t\t<div class=\"elementor-element elementor-element-40e007c elementor-widget__width-initial elementor-widget elementor-widget-text-editor\" data-id=\"40e007c\" data-element_type=\"widget\" data-widget_type=\"text-editor.default\">\n\t\t\t\t\t\t\t\t\t<h5>Ali Balighi PhD candidato<\/h5><p>Ecolog\u00edas resonantes: revisi\u00f3n del papel de la espacializaci\u00f3n y la especificidad del lugar en el arte ambiental electroac\u00fastico<\/p>\t\t\t\t\t\t\t\t<\/div>\n\t\t\t\t<\/div>\n\t\t<div class=\"elementor-element elementor-element-0944446 e-con-full e-flex e-con e-child\" data-id=\"0944446\" data-element_type=\"container\">\n\t\t\t\t<div class=\"elementor-element elementor-element-941e51a elementor-widget__width-initial elementor-widget elementor-widget-heading\" data-id=\"941e51a\" data-element_type=\"widget\" data-widget_type=\"heading.default\">\n\t\t\t\t\t<h6 class=\"elementor-heading-title elementor-size-default\">12:00 \u2013 12:20<\/h6>\t\t\t\t<\/div>\n\t\t\t\t<div class=\"elementor-element elementor-element-3e86c74 elementor-widget__width-initial elementor-widget elementor-widget-text-editor\" data-id=\"3e86c74\" data-element_type=\"widget\" data-widget_type=\"text-editor.default\">\n\t\t\t\t\t\t\t\t\t<h5>Dr. Akiva Zamcheck (p)<\/h5><p>Romper el contrato social: revisitando la m\u00fasica de liberaci\u00f3n popular en 2025<\/p>\t\t\t\t\t\t\t\t<\/div>\n\t\t\t\t<\/div>\n\t\t<div class=\"elementor-element elementor-element-b06d308 e-con-full e-flex e-con e-child\" data-id=\"b06d308\" data-element_type=\"container\">\n\t\t\t\t<div class=\"elementor-element elementor-element-bc082fc elementor-widget__width-initial elementor-widget elementor-widget-heading\" data-id=\"bc082fc\" data-element_type=\"widget\" data-widget_type=\"heading.default\">\n\t\t\t\t\t<h6 class=\"elementor-heading-title elementor-size-default\">12:20 \u2013 12:40<\/h6>\t\t\t\t<\/div>\n\t\t\t\t<div class=\"elementor-element elementor-element-aed89d4 elementor-widget__width-initial elementor-widget elementor-widget-text-editor\" data-id=\"aed89d4\" data-element_type=\"widget\" data-widget_type=\"text-editor.default\">\n\t\t\t\t\t\t\t\t\t<h5>Colectivo LEAM<\/h5><p>\u00a0<\/p>\t\t\t\t\t\t\t\t<\/div>\n\t\t\t\t<\/div>\n\t\t<div class=\"elementor-element elementor-element-2ee7924 e-con-full e-flex e-con e-child\" data-id=\"2ee7924\" data-element_type=\"container\">\n\t\t\t\t<div class=\"elementor-element elementor-element-ad76a41 elementor-widget__width-initial elementor-widget elementor-widget-heading\" data-id=\"ad76a41\" data-element_type=\"widget\" data-widget_type=\"heading.default\">\n\t\t\t\t\t<h6 class=\"elementor-heading-title elementor-size-default\">13:00 \u2013 14:00<\/h6>\t\t\t\t<\/div>\n\t\t\t\t<div class=\"elementor-element elementor-element-0d1a291 elementor-widget__width-initial elementor-widget elementor-widget-text-editor\" data-id=\"0d1a291\" data-element_type=\"widget\" data-widget_type=\"text-editor.default\">\n\t\t\t\t\t\t\t\t\t<h5>Dr. Gisela Nauck (v) Ponente Principal<\/h5><p>\u00a0<\/p>\t\t\t\t\t\t\t\t<\/div>\n\t\t\t\t<\/div>\n\t\t\t\t<\/div>\n\t\t\t\t<\/div>\n\t\t<div id=\"e-n-tab-content-953059942\" role=\"tabpanel\" aria-labelledby=\"e-n-tab-title-953059942\" data-tab-index=\"2\" style=\"--n-tabs-title-order: 2;\" class=\"elementor-element elementor-element-e58089d e-con-full e-flex e-con e-child\" data-id=\"e58089d\" data-element_type=\"container\">\n\t\t<div class=\"elementor-element elementor-element-69effaa e-con-full e-flex e-con e-child\" data-id=\"69effaa\" data-element_type=\"container\">\n\t\t\t\t<div class=\"elementor-element elementor-element-8c53dbb elementor-widget elementor-widget-heading\" data-id=\"8c53dbb\" data-element_type=\"widget\" data-widget_type=\"heading.default\">\n\t\t\t\t\t<p class=\"elementor-heading-title elementor-size-default\">D\u00eda 2<br> \n28 de Noviembre 2025\n<\/p>\t\t\t\t<\/div>\n\t\t\t\t<div class=\"elementor-element elementor-element-acdb189 elementor-widget elementor-widget-heading\" data-id=\"acdb189\" data-element_type=\"widget\" data-widget_type=\"heading.default\">\n\t\t\t\t\t<p class=\"elementor-heading-title elementor-size-default\">ARTE Y CIENCIA, bioac\u00fastica y estudios sobre paisajes sonoros.<\/p>\t\t\t\t<\/div>\n\t\t\t\t<div class=\"elementor-element elementor-element-a824434 elementor-align-justify elementor-widget__width-initial elementor-widget elementor-widget-button\" data-id=\"a824434\" data-element_type=\"widget\" data-widget_type=\"button.default\">\n\t\t\t\t\t\t\t\t\t\t<a class=\"elementor-button elementor-button-link elementor-size-sm\" href=\"https:\/\/www.eventbrite.es\/e\/leam-fest-2025-conferencias-27-al-29-de-noviembre-mmac-tickets-1803380893799?aff=oddtdtcreator&#038;keep_tld=1\" target=\"_blank\">\n\t\t\t\t\t\t<span class=\"elementor-button-content-wrapper\">\n\t\t\t\t\t\t\t\t\t<span class=\"elementor-button-text\">Consigue tus boletos<\/span>\n\t\t\t\t\t<\/span>\n\t\t\t\t\t<\/a>\n\t\t\t\t\t\t\t\t<\/div>\n\t\t\t\t<\/div>\n\t\t<div class=\"elementor-element elementor-element-f391c0e e-con-full e-flex e-con e-child\" data-id=\"f391c0e\" data-element_type=\"container\">\n\t\t<div class=\"elementor-element elementor-element-4ab6072 e-con-full e-flex e-con e-child\" data-id=\"4ab6072\" data-element_type=\"container\">\n\t\t\t\t<div class=\"elementor-element elementor-element-cce5b8e elementor-widget__width-initial elementor-widget elementor-widget-heading\" data-id=\"cce5b8e\" data-element_type=\"widget\" data-widget_type=\"heading.default\">\n\t\t\t\t\t<h6 class=\"elementor-heading-title elementor-size-default\">10:00 \u2013 10:20<\/h6>\t\t\t\t<\/div>\n\t\t\t\t<div class=\"elementor-element elementor-element-c70c508 elementor-widget__width-initial elementor-widget elementor-widget-text-editor\" data-id=\"c70c508\" data-element_type=\"widget\" data-widget_type=\"text-editor.default\">\n\t\t\t\t\t\t\t\t\t<p><strong>Dr. Fernando Gonzalez<\/strong> (p)<br \/>Bioac\u00fastica y ecoac\u00fastica para la biodiversidad<\/p>\t\t\t\t\t\t\t\t<\/div>\n\t\t\t\t<\/div>\n\t\t<div class=\"elementor-element elementor-element-5bc4706 e-con-full e-flex e-con e-child\" data-id=\"5bc4706\" data-element_type=\"container\">\n\t\t\t\t<div class=\"elementor-element elementor-element-ff7e8c1 elementor-widget__width-initial elementor-widget elementor-widget-heading\" data-id=\"ff7e8c1\" data-element_type=\"widget\" data-widget_type=\"heading.default\">\n\t\t\t\t\t<h6 class=\"elementor-heading-title elementor-size-default\">10:20 \u2013 10:40<\/h6>\t\t\t\t<\/div>\n\t\t\t\t<div class=\"elementor-element elementor-element-4008a9c elementor-widget__width-initial elementor-widget elementor-widget-text-editor\" data-id=\"4008a9c\" data-element_type=\"widget\" data-widget_type=\"text-editor.default\">\n\t\t\t\t\t\t\t\t\t<h5>Dr. Roberto Sosa (p)<br \/>La bioac\u00fastica como herramienta para medir el impacto del cambio clim\u00e1tico en el comportamiento de las aves<\/h5>\t\t\t\t\t\t\t\t<\/div>\n\t\t\t\t<\/div>\n\t\t<div class=\"elementor-element elementor-element-55396bc e-con-full e-flex e-con e-child\" data-id=\"55396bc\" data-element_type=\"container\">\n\t\t\t\t<div class=\"elementor-element elementor-element-7fadc9b elementor-widget__width-initial elementor-widget elementor-widget-heading\" data-id=\"7fadc9b\" data-element_type=\"widget\" data-widget_type=\"heading.default\">\n\t\t\t\t\t<h6 class=\"elementor-heading-title elementor-size-default\">10:40 \u2013 11:00<\/h6>\t\t\t\t<\/div>\n\t\t\t\t<div class=\"elementor-element elementor-element-1adeae6 elementor-widget__width-initial elementor-widget elementor-widget-text-editor\" data-id=\"1adeae6\" data-element_type=\"widget\" data-widget_type=\"text-editor.default\">\n\t\t\t\t\t\t\t\t\t<h5>Dr. Fernando Urbina (p)<br \/>Experiencias en la grabaci\u00f3n de sonidos de aves<\/h5>\t\t\t\t\t\t\t\t<\/div>\n\t\t\t\t<\/div>\n\t\t<div class=\"elementor-element elementor-element-8b3c3ec e-con-full e-flex e-con e-child\" data-id=\"8b3c3ec\" data-element_type=\"container\">\n\t\t\t\t<div class=\"elementor-element elementor-element-aef9c5a elementor-widget__width-initial elementor-widget elementor-widget-heading\" data-id=\"aef9c5a\" data-element_type=\"widget\" data-widget_type=\"heading.default\">\n\t\t\t\t\t<h6 class=\"elementor-heading-title elementor-size-default\">11:00 \u2013 11:20<\/h6>\t\t\t\t<\/div>\n\t\t\t\t<div class=\"elementor-element elementor-element-9f104c6 elementor-widget__width-initial elementor-widget elementor-widget-text-editor\" data-id=\"9f104c6\" data-element_type=\"widget\" data-widget_type=\"text-editor.default\">\n\t\t\t\t\t\t\t\t\t<h5>Dr. Anastasia Georgaki y Nikolaos Ph.D. student (v)<br \/>Coros del Amanecer: Estudio del paisaje sonoro del amanecer ateniense mediante t\u00e9cnicas de an\u00e1lisis del paisaje sonoro.<\/h5>\t\t\t\t\t\t\t\t<\/div>\n\t\t\t\t<\/div>\n\t\t<div class=\"elementor-element elementor-element-07d1e64 e-con-full e-flex e-con e-child\" data-id=\"07d1e64\" data-element_type=\"container\">\n\t\t\t\t<div class=\"elementor-element elementor-element-3faf6b0 elementor-widget__width-initial elementor-widget elementor-widget-heading\" data-id=\"3faf6b0\" data-element_type=\"widget\" data-widget_type=\"heading.default\">\n\t\t\t\t\t<h6 class=\"elementor-heading-title elementor-size-default\">11:20 \u2013 11:40<\/h6>\t\t\t\t<\/div>\n\t\t\t\t<div class=\"elementor-element elementor-element-99c44b4 elementor-widget__width-initial elementor-widget elementor-widget-text-editor\" data-id=\"99c44b4\" data-element_type=\"widget\" data-widget_type=\"text-editor.default\">\n\t\t\t\t\t\t\t\t\t<h5>Dra. Gisela Giardino (v)<br \/>El oc\u00e9ano sonoro: c\u00f3mo escuchan, se comunican y resisten los mam\u00edferos marinos en un mar que cambia<\/h5>\t\t\t\t\t\t\t\t<\/div>\n\t\t\t\t<\/div>\n\t\t<div class=\"elementor-element elementor-element-df01252 e-con-full e-flex e-con e-child\" data-id=\"df01252\" data-element_type=\"container\">\n\t\t\t\t<div class=\"elementor-element elementor-element-2534665 elementor-widget__width-initial elementor-widget elementor-widget-heading\" data-id=\"2534665\" data-element_type=\"widget\" data-widget_type=\"heading.default\">\n\t\t\t\t\t<h6 class=\"elementor-heading-title elementor-size-default\">11:40 \u2013 12:00<\/h6>\t\t\t\t<\/div>\n\t\t\t\t<div class=\"elementor-element elementor-element-d7e7665 elementor-widget__width-initial elementor-widget elementor-widget-text-editor\" data-id=\"d7e7665\" data-element_type=\"widget\" data-widget_type=\"text-editor.default\">\n\t\t\t\t\t\t\t\t\t<h5>Dra. Paola Moscoso (v)<br \/>Voces del Bosque<\/h5>\t\t\t\t\t\t\t\t<\/div>\n\t\t\t\t<\/div>\n\t\t<div class=\"elementor-element elementor-element-d95cdc9 e-con-full e-flex e-con e-child\" data-id=\"d95cdc9\" data-element_type=\"container\">\n\t\t\t\t<div class=\"elementor-element elementor-element-12ff5b1 elementor-widget__width-initial elementor-widget elementor-widget-heading\" data-id=\"12ff5b1\" data-element_type=\"widget\" data-widget_type=\"heading.default\">\n\t\t\t\t\t<h6 class=\"elementor-heading-title elementor-size-default\">12:00 \u2013 12:20<\/h6>\t\t\t\t<\/div>\n\t\t\t\t<div class=\"elementor-element elementor-element-a73124d elementor-widget__width-initial elementor-widget elementor-widget-text-editor\" data-id=\"a73124d\" data-element_type=\"widget\" data-widget_type=\"text-editor.default\">\n\t\t\t\t\t\t\t\t\t<h5>Dr. Joseph Chavez (p)<br \/>Sincronizaci\u00f3n del pulso y din\u00e1mica de la atenci\u00f3n<\/h5>\t\t\t\t\t\t\t\t<\/div>\n\t\t\t\t<\/div>\n\t\t<div class=\"elementor-element elementor-element-84b7486 e-con-full e-flex e-con e-child\" data-id=\"84b7486\" data-element_type=\"container\">\n\t\t\t\t<div class=\"elementor-element elementor-element-75e109c elementor-widget__width-initial elementor-widget elementor-widget-heading\" data-id=\"75e109c\" data-element_type=\"widget\" data-widget_type=\"heading.default\">\n\t\t\t\t\t<h6 class=\"elementor-heading-title elementor-size-default\">12:20 \u2013 12:40<\/h6>\t\t\t\t<\/div>\n\t\t\t\t<div class=\"elementor-element elementor-element-e5b4602 elementor-widget__width-initial elementor-widget elementor-widget-text-editor\" data-id=\"e5b4602\" data-element_type=\"widget\" data-widget_type=\"text-editor.default\">\n\t\t\t\t\t\t\t\t\t<h5>Gaby deisolbi Ph.D. student (p)<br \/>El canto de la abeja reina: arte sonoro en la biocomunicaci\u00f3n<\/h5>\t\t\t\t\t\t\t\t<\/div>\n\t\t\t\t<\/div>\n\t\t<div class=\"elementor-element elementor-element-a2ec2f3 e-con-full e-flex e-con e-child\" data-id=\"a2ec2f3\" data-element_type=\"container\">\n\t\t\t\t<div class=\"elementor-element elementor-element-34c10f3 elementor-widget__width-initial elementor-widget elementor-widget-heading\" data-id=\"34c10f3\" data-element_type=\"widget\" data-widget_type=\"heading.default\">\n\t\t\t\t\t<h6 class=\"elementor-heading-title elementor-size-default\">12:40 \u2013 13:00<\/h6>\t\t\t\t<\/div>\n\t\t\t\t<div class=\"elementor-element elementor-element-654f39e elementor-widget__width-initial elementor-widget elementor-widget-text-editor\" data-id=\"654f39e\" data-element_type=\"widget\" data-widget_type=\"text-editor.default\">\n\t\t\t\t\t\t\t\t\t<h5>Dra. Berenice Arnold (p)<br \/>El mar de Siringe<\/h5>\t\t\t\t\t\t\t\t<\/div>\n\t\t\t\t<\/div>\n\t\t<div class=\"elementor-element elementor-element-1d0d509 e-con-full e-flex e-con e-child\" data-id=\"1d0d509\" data-element_type=\"container\">\n\t\t\t\t<div class=\"elementor-element elementor-element-83703b9 elementor-widget__width-initial elementor-widget elementor-widget-heading\" data-id=\"83703b9\" data-element_type=\"widget\" data-widget_type=\"heading.default\">\n\t\t\t\t\t<h6 class=\"elementor-heading-title elementor-size-default\">13:00 \u2013 14:00<\/h6>\t\t\t\t<\/div>\n\t\t\t\t<div class=\"elementor-element elementor-element-ecae40e elementor-widget__width-initial elementor-widget elementor-widget-text-editor\" data-id=\"ecae40e\" data-element_type=\"widget\" data-widget_type=\"text-editor.default\">\n\t\t\t\t\t\t\t\t\t<h5><strong>Bernie Bastien <\/strong><br \/><strong>Ponente principal<\/strong><\/h5>\t\t\t\t\t\t\t\t<\/div>\n\t\t\t\t<\/div>\n\t\t\t\t<\/div>\n\t\t\t\t<\/div>\n\t\t<div id=\"e-n-tab-content-953059943\" role=\"tabpanel\" aria-labelledby=\"e-n-tab-title-953059943\" data-tab-index=\"3\" style=\"--n-tabs-title-order: 3;\" class=\"elementor-element elementor-element-bafe401 e-con-full e-flex e-con e-child\" data-id=\"bafe401\" data-element_type=\"container\">\n\t\t<div class=\"elementor-element elementor-element-8cfbb5d e-con-full e-flex e-con e-child\" data-id=\"8cfbb5d\" data-element_type=\"container\">\n\t\t\t\t<div class=\"elementor-element elementor-element-98f6a72 elementor-widget elementor-widget-heading\" data-id=\"98f6a72\" data-element_type=\"widget\" data-widget_type=\"heading.default\">\n\t\t\t\t\t<p class=\"elementor-heading-title elementor-size-default\">D\u00eda 3<br> \n29 de Noviembre 2025<\/p>\t\t\t\t<\/div>\n\t\t\t\t<div class=\"elementor-element elementor-element-20a4786 elementor-widget elementor-widget-heading\" data-id=\"20a4786\" data-element_type=\"widget\" data-widget_type=\"heading.default\">\n\t\t\t\t\t<p class=\"elementor-heading-title elementor-size-default\">Ecolog\u00edas de la escucha, grabaci\u00f3n de campo, fonograf\u00eda, ecoac\u00fastica.<\/p>\t\t\t\t<\/div>\n\t\t\t\t<div class=\"elementor-element elementor-element-15d8b27 elementor-align-justify elementor-widget__width-initial elementor-widget elementor-widget-button\" data-id=\"15d8b27\" data-element_type=\"widget\" data-widget_type=\"button.default\">\n\t\t\t\t\t\t\t\t\t\t<a class=\"elementor-button elementor-button-link elementor-size-sm\" href=\"https:\/\/www.eventbrite.es\/e\/leam-fest-2025-conferencias-27-al-29-de-noviembre-mmac-tickets-1803380893799?aff=oddtdtcreator&#038;keep_tld=1\" target=\"_blank\">\n\t\t\t\t\t\t<span class=\"elementor-button-content-wrapper\">\n\t\t\t\t\t\t\t\t\t<span class=\"elementor-button-text\">Consigue tus boletos<\/span>\n\t\t\t\t\t<\/span>\n\t\t\t\t\t<\/a>\n\t\t\t\t\t\t\t\t<\/div>\n\t\t\t\t<\/div>\n\t\t<div class=\"elementor-element elementor-element-c0c8e55 e-con-full e-flex e-con e-child\" data-id=\"c0c8e55\" data-element_type=\"container\">\n\t\t<div class=\"elementor-element elementor-element-cfe9b28 e-con-full e-flex e-con e-child\" data-id=\"cfe9b28\" data-element_type=\"container\">\n\t\t\t\t<div class=\"elementor-element elementor-element-de91c3a elementor-widget__width-initial elementor-widget elementor-widget-heading\" data-id=\"de91c3a\" data-element_type=\"widget\" data-widget_type=\"heading.default\">\n\t\t\t\t\t<h6 class=\"elementor-heading-title elementor-size-default\">10:00 \u2013 10:20<\/h6>\t\t\t\t<\/div>\n\t\t\t\t<div class=\"elementor-element elementor-element-f51d53c elementor-widget__width-initial elementor-widget elementor-widget-text-editor\" data-id=\"f51d53c\" data-element_type=\"widget\" data-widget_type=\"text-editor.default\">\n\t\t\t\t\t\t\t\t\t<h5>Dr. Francisco Rivas<br \/>Fonograf\u00eda cr\u00edtica: contemplaci\u00f3n y modos de agencia<\/h5>\t\t\t\t\t\t\t\t<\/div>\n\t\t\t\t<\/div>\n\t\t<div class=\"elementor-element elementor-element-937beee e-con-full e-flex e-con e-child\" data-id=\"937beee\" data-element_type=\"container\">\n\t\t\t\t<div class=\"elementor-element elementor-element-2376d14 elementor-widget__width-initial elementor-widget elementor-widget-heading\" data-id=\"2376d14\" data-element_type=\"widget\" data-widget_type=\"heading.default\">\n\t\t\t\t\t<h6 class=\"elementor-heading-title elementor-size-default\">10:20 \u2013 10:40<\/h6>\t\t\t\t<\/div>\n\t\t\t\t<div class=\"elementor-element elementor-element-ea0ca4b elementor-widget__width-initial elementor-widget elementor-widget-text-editor\" data-id=\"ea0ca4b\" data-element_type=\"widget\" data-widget_type=\"text-editor.default\">\n\t\t\t\t\t\t\t\t\t<h5>Dr. Roberto Morales (p)<br \/>Rese\u00f1as y nuevos misterios creativos<\/h5><h5>\u00a0<\/h5>\t\t\t\t\t\t\t\t<\/div>\n\t\t\t\t<\/div>\n\t\t<div class=\"elementor-element elementor-element-93c1bd3 e-con-full e-flex e-con e-child\" data-id=\"93c1bd3\" data-element_type=\"container\">\n\t\t\t\t<div class=\"elementor-element elementor-element-bc5b739 elementor-widget__width-initial elementor-widget elementor-widget-heading\" data-id=\"bc5b739\" data-element_type=\"widget\" data-widget_type=\"heading.default\">\n\t\t\t\t\t<h6 class=\"elementor-heading-title elementor-size-default\">10:40 \u2013 11:00<\/h6>\t\t\t\t<\/div>\n\t\t\t\t<div class=\"elementor-element elementor-element-808ccf5 elementor-widget__width-initial elementor-widget elementor-widget-text-editor\" data-id=\"808ccf5\" data-element_type=\"widget\" data-widget_type=\"text-editor.default\">\n\t\t\t\t\t\t\t\t\t<h5>Dra. Elisa Corona (p)<br \/>Los campos se visten de color: naturaleza rom\u00e1ntica, luchas sindicales\ny arte medioambiental (o c\u00f3mo aprend\u00ed a desconfiar de los estudiosos del\nAntropoceno)<\/h5>\t\t\t\t\t\t\t\t<\/div>\n\t\t\t\t<\/div>\n\t\t<div class=\"elementor-element elementor-element-1e6e25b e-con-full e-flex e-con e-child\" data-id=\"1e6e25b\" data-element_type=\"container\">\n\t\t\t\t<div class=\"elementor-element elementor-element-5badda0 elementor-widget__width-initial elementor-widget elementor-widget-heading\" data-id=\"5badda0\" data-element_type=\"widget\" data-widget_type=\"heading.default\">\n\t\t\t\t\t<h6 class=\"elementor-heading-title elementor-size-default\">11:00 \u2013 11:20<\/h6>\t\t\t\t<\/div>\n\t\t\t\t<div class=\"elementor-element elementor-element-70fb6c6 elementor-widget__width-initial elementor-widget elementor-widget-text-editor\" data-id=\"70fb6c6\" data-element_type=\"widget\" data-widget_type=\"text-editor.default\">\n\t\t\t\t\t\t\t\t\t<h5>Ma. Jessica Romero (v)<br \/>Est\u00e9ticas del habitar: sensibilidad, \u00e9tica y afectividad sonora<\/h5>\t\t\t\t\t\t\t\t<\/div>\n\t\t\t\t<\/div>\n\t\t<div class=\"elementor-element elementor-element-f80143e e-con-full e-flex e-con e-child\" data-id=\"f80143e\" data-element_type=\"container\">\n\t\t\t\t<div class=\"elementor-element elementor-element-31ba7d6 elementor-widget__width-initial elementor-widget elementor-widget-heading\" data-id=\"31ba7d6\" data-element_type=\"widget\" data-widget_type=\"heading.default\">\n\t\t\t\t\t<h6 class=\"elementor-heading-title elementor-size-default\">11:20 \u2013 11:40<\/h6>\t\t\t\t<\/div>\n\t\t\t\t<div class=\"elementor-element elementor-element-f3b7147 elementor-widget__width-initial elementor-widget elementor-widget-text-editor\" data-id=\"f3b7147\" data-element_type=\"widget\" data-widget_type=\"text-editor.default\">\n\t\t\t\t\t\t\t\t\t<h5>Akire Erika Karina Jimenez (p)<br \/>Ma tikkakikan in tetsawitl &#8220;Augurios Aurales&#8221;<\/h5>\t\t\t\t\t\t\t\t<\/div>\n\t\t\t\t<\/div>\n\t\t<div class=\"elementor-element elementor-element-68c15f6 e-con-full e-flex e-con e-child\" data-id=\"68c15f6\" data-element_type=\"container\">\n\t\t\t\t<div class=\"elementor-element elementor-element-8f56d59 elementor-widget__width-initial elementor-widget elementor-widget-heading\" data-id=\"8f56d59\" data-element_type=\"widget\" data-widget_type=\"heading.default\">\n\t\t\t\t\t<h6 class=\"elementor-heading-title elementor-size-default\">11:40 \u2013 12:00<\/h6>\t\t\t\t<\/div>\n\t\t\t\t<div class=\"elementor-element elementor-element-2e14eb9 elementor-widget__width-initial elementor-widget elementor-widget-text-editor\" data-id=\"2e14eb9\" data-element_type=\"widget\" data-widget_type=\"text-editor.default\">\n\t\t\t\t\t\t\t\t\t<h5>Dra. Cielo Vargas G\u00f3mez (v)<br \/>Recolectando papas. Escuchar como medio entre la invocaci\u00f3n y la evocaci\u00f3n del territorio.<\/h5>\t\t\t\t\t\t\t\t<\/div>\n\t\t\t\t<\/div>\n\t\t<div class=\"elementor-element elementor-element-8f8509a e-con-full e-flex e-con e-child\" data-id=\"8f8509a\" data-element_type=\"container\">\n\t\t\t\t<div class=\"elementor-element elementor-element-5baf5b4 elementor-widget__width-initial elementor-widget elementor-widget-heading\" data-id=\"5baf5b4\" data-element_type=\"widget\" data-widget_type=\"heading.default\">\n\t\t\t\t\t<h6 class=\"elementor-heading-title elementor-size-default\">12:00 \u2013 12:20<\/h6>\t\t\t\t<\/div>\n\t\t\t\t<div class=\"elementor-element elementor-element-1057498 elementor-widget__width-initial elementor-widget elementor-widget-text-editor\" data-id=\"1057498\" data-element_type=\"widget\" data-widget_type=\"text-editor.default\">\n\t\t\t\t\t\t\t\t\t<h5>Dra. Iracema de Andrade (p)<br \/>Ecolog\u00edas del paisaje sonoro urbano: escucha cr\u00edtica desde la Ciudad de M\u00e9xico<\/h5>\t\t\t\t\t\t\t\t<\/div>\n\t\t\t\t<\/div>\n\t\t<div class=\"elementor-element elementor-element-9ba73a6 e-con-full e-flex e-con e-child\" data-id=\"9ba73a6\" data-element_type=\"container\">\n\t\t\t\t<div class=\"elementor-element elementor-element-71f4e0a elementor-widget__width-initial elementor-widget elementor-widget-heading\" data-id=\"71f4e0a\" data-element_type=\"widget\" data-widget_type=\"heading.default\">\n\t\t\t\t\t<h6 class=\"elementor-heading-title elementor-size-default\">12:20 \u2013 12:40<\/h6>\t\t\t\t<\/div>\n\t\t\t\t<div class=\"elementor-element elementor-element-afcb628 elementor-widget__width-initial elementor-widget elementor-widget-text-editor\" data-id=\"afcb628\" data-element_type=\"widget\" data-widget_type=\"text-editor.default\">\n\t\t\t\t\t\t\t\t\t<h5>Dr. Anastasia Georgaki (v)<br \/>La ciencia del canto de las cigarras: el caso de las cigarras de arroyo<\/h5>\t\t\t\t\t\t\t\t<\/div>\n\t\t\t\t<\/div>\n\t\t<div class=\"elementor-element elementor-element-f5b3ac8 e-con-full e-flex e-con e-child\" data-id=\"f5b3ac8\" data-element_type=\"container\">\n\t\t\t\t<\/div>\n\t\t<div class=\"elementor-element elementor-element-03ee697 e-con-full e-flex e-con e-child\" data-id=\"03ee697\" data-element_type=\"container\">\n\t\t\t\t<div class=\"elementor-element elementor-element-3a60aa9 elementor-widget__width-initial elementor-widget elementor-widget-heading\" data-id=\"3a60aa9\" data-element_type=\"widget\" data-widget_type=\"heading.default\">\n\t\t\t\t\t<h6 class=\"elementor-heading-title elementor-size-default\">13:00 \u2013 14:00<\/h6>\t\t\t\t<\/div>\n\t\t\t\t<div class=\"elementor-element elementor-element-0725d87 elementor-widget__width-initial elementor-widget elementor-widget-text-editor\" data-id=\"0725d87\" data-element_type=\"widget\" data-widget_type=\"text-editor.default\">\n\t\t\t\t\t\t\t\t\t<h5><strong>Dr. David Monacchi (v) Ponente Principal<\/strong><\/h5>\t\t\t\t\t\t\t\t<\/div>\n\t\t\t\t<\/div>\n\t\t\t\t<\/div>\n\t\t\t\t<\/div>\n\t\t\t\t\t<\/div>\n\t\t<\/div>\n\t\t\t\t\t\t<\/div>\n\t\t\t\t\t<\/div>\n\t\t\t\t<\/div>\n\t\t\t\t<\/div>","protected":false},"excerpt":{"rendered":"<p>1er International Festival \u201cImagining Common Futures\u201d Art, Sustainability and Climate Change Day 1 Day 2 Day 3 DAY 1 27 November 2025 Sound, Art, Sustainability, and<span class=\"excerpt-hellip\"> [\u2026]<\/span><\/p>","protected":false},"author":1,"featured_media":-1,"parent":58,"menu_order":9,"comment_status":"closed","ping_status":"closed","template":"","meta":{"footnotes":""},"class_list":["post-74","page","type-page","status-publish","has-post-thumbnail","hentry"],"_links":{"self":[{"href":"https:\/\/leam-mx.org\/es\/wp-json\/wp\/v2\/pages\/74","targetHints":{"allow":["GET"]}}],"collection":[{"href":"https:\/\/leam-mx.org\/es\/wp-json\/wp\/v2\/pages"}],"about":[{"href":"https:\/\/leam-mx.org\/es\/wp-json\/wp\/v2\/types\/page"}],"author":[{"embeddable":true,"href":"https:\/\/leam-mx.org\/es\/wp-json\/wp\/v2\/users\/1"}],"replies":[{"embeddable":true,"href":"https:\/\/leam-mx.org\/es\/wp-json\/wp\/v2\/comments?post=74"}],"version-history":[{"count":238,"href":"https:\/\/leam-mx.org\/es\/wp-json\/wp\/v2\/pages\/74\/revisions"}],"predecessor-version":[{"id":1750,"href":"https:\/\/leam-mx.org\/es\/wp-json\/wp\/v2\/pages\/74\/revisions\/1750"}],"up":[{"embeddable":true,"href":"https:\/\/leam-mx.org\/es\/wp-json\/wp\/v2\/pages\/58"}],"wp:featuredmedia":[{"embeddable":true,"href":"https:\/\/leam-mx.org\/es\/wp-json\/"}],"wp:attachment":[{"href":"https:\/\/leam-mx.org\/es\/wp-json\/wp\/v2\/media?parent=74"}],"curies":[{"name":"wp","href":"https:\/\/api.w.org\/{rel}","templated":true}]}}