{"id":76,"date":"2025-09-23T18:20:18","date_gmt":"2025-09-23T18:20:18","guid":{"rendered":"https:\/\/leam-mx.org\/?page_id=76"},"modified":"2025-11-11T20:52:45","modified_gmt":"2025-11-12T02:52:45","slug":"workshop-program","status":"publish","type":"page","link":"https:\/\/leam-mx.org\/es\/program\/workshop-program\/","title":{"rendered":"Programa de Talleres"},"content":{"rendered":"<div data-elementor-type=\"wp-page\" data-elementor-id=\"76\" class=\"elementor elementor-76\" data-elementor-post-type=\"page\">\n\t\t\t\t<div class=\"elementor-element elementor-element-5e34348 e-flex e-con-boxed e-con e-parent\" data-id=\"5e34348\" data-element_type=\"container\">\n\t\t\t\t\t<div class=\"e-con-inner\">\n\t\t\t\t<div class=\"elementor-element elementor-element-f2c026f elementor-widget elementor-widget-heading\" data-id=\"f2c026f\" data-element_type=\"widget\" data-widget_type=\"heading.default\">\n\t\t\t\t\t<h4 class=\"elementor-heading-title elementor-size-default\">1er Festival Internacional LEAM<br><br>\n\"Imaginando Futuros Comunes\"<br>\nArte, Sustentabilidad y Cambio Clim\u00e1tico<\/h4>\t\t\t\t<\/div>\n\t\t\t\t<div class=\"elementor-element elementor-element-b4190c9 elementor-widget elementor-widget-text-editor\" data-id=\"b4190c9\" data-element_type=\"widget\" data-widget_type=\"text-editor.default\">\n\t\t\t\t\t\t\t\t\t<p><strong>Talleres<\/strong><\/p>\t\t\t\t\t\t\t\t<\/div>\n\t\t\t\t<div class=\"elementor-element elementor-element-01f0514 elementor-widget elementor-widget-text-editor\" data-id=\"01f0514\" data-element_type=\"widget\" data-widget_type=\"text-editor.default\">\n\t\t\t\t\t\t\t\t\t<p>*Actividad gratuita, (entrada \u00fanicamente con registro previo)<br \/>*El registro es un requisito obligatorio<br \/>*Los participantes deben asistir a la totalidad de los talleres y participar activamente en las actividades del festival.<br \/>*Las primeras 10 o 20 personas que se inscriban (dependiendo del taller) ser\u00e1n admitidas en los talleres.<br \/>*No reserves una plaza si no est\u00e1s seguro de poder asistir.<br \/>*Los talleres se impartir\u00e1n en espa\u00f1ol o ingl\u00e9s sin traducci\u00f3n.\u00a0<\/p>\t\t\t\t\t\t\t\t<\/div>\n\t\t\t\t\t<\/div>\n\t\t\t\t<\/div>\n\t\t<div class=\"elementor-element elementor-element-e2181b3 e-flex e-con-boxed e-con e-parent\" data-id=\"e2181b3\" data-element_type=\"container\">\n\t\t\t\t\t<div class=\"e-con-inner\">\n\t\t<div class=\"elementor-element elementor-element-28b993f e-con-full e-flex e-con e-child\" data-id=\"28b993f\" data-element_type=\"container\">\n\t\t<div class=\"elementor-element elementor-element-067f11e e-con-full e-flex e-con e-child\" data-id=\"067f11e\" data-element_type=\"container\">\n\t\t\t\t<div class=\"elementor-element elementor-element-513c7d9 elementor-widget__width-initial elementor-widget elementor-widget-text-editor\" data-id=\"513c7d9\" data-element_type=\"widget\" data-widget_type=\"text-editor.default\">\n\t\t\t\t\t\t\t\t\t<p>16:00 \u2013 18:00 hrs<br \/>27-28 de Noviembre<br \/><br \/>Museo Morelense de Arte Contempor\u00e1neo (MMAC)<\/p>\t\t\t\t\t\t\t\t<\/div>\n\t\t\t\t<div class=\"elementor-element elementor-element-0795a6f elementor-widget__width-initial elementor-widget elementor-widget-text-editor\" data-id=\"0795a6f\" data-element_type=\"widget\" data-widget_type=\"text-editor.default\">\n\t\t\t\t\t\t\t\t\t<p><strong>Composing for Small Ensembles (Floor 6)<\/strong><br \/><strong>Imparte Duplum (Ivan Manzanilla, Fernando Dominguez)<\/strong><br \/><strong>Dirigido a compositores<\/strong><\/p><p>Idioma: Espa\u00f1ol<br \/>Cupo Limitado a 10 personas<\/p><p><span style=\"letter-spacing: 0px;\">El taller propone una exploraci\u00f3n creativa y comunitaria a trav\u00e9s del sonido, abordando la composici\u00f3n de paisajes sonoros inspirados en entornos naturales y urbanos, mediante el uso de objetos encontrados.\nSe enfatizar\u00e1 la adaptaci\u00f3n al contexto cultural, social y econ\u00f3mico de cada comunidad, fomentando el uso de recursos accesibles y disponibles localmente que permitan una participaci\u00f3n inclusiva.<\/span><\/p><p>Asimismo, se explorar\u00e1 el potencial de la tecnolog\u00eda para la creaci\u00f3n, difusi\u00f3n y conservaci\u00f3n de las obras, promoviendo al mismo tiempo pr\u00e1cticas sostenibles tanto en la producci\u00f3n musical como en la organizaci\u00f3n de actividades.<\/p><p>Los compositores pueden traer una partitura o bocetos, objetos o instrumentos vinculados a la descripci\u00f3n del taller.<\/p>\t\t\t\t\t\t\t\t<\/div>\n\t\t\t\t<\/div>\n\t\t<div class=\"elementor-element elementor-element-3245d5c e-con-full e-flex e-con e-child\" data-id=\"3245d5c\" data-element_type=\"container\">\n\t\t\t\t<div class=\"elementor-element elementor-element-e783595 elementor-align-justify elementor-widget__width-initial elementor-widget elementor-widget-button\" data-id=\"e783595\" data-element_type=\"widget\" data-widget_type=\"button.default\">\n\t\t\t\t\t\t\t\t\t\t<a class=\"elementor-button elementor-button-link elementor-size-sm\" href=\"https:\/\/www.eventbrite.es\/e\/leam-fest-2025-workshop-1-composicion-para-ensambles-de-camara-tickets-1758683282039?aff=oddtdtcreator&#038;keep_tld=1\" target=\"_blank\">\n\t\t\t\t\t\t<span class=\"elementor-button-content-wrapper\">\n\t\t\t\t\t\t\t\t\t<span class=\"elementor-button-text\">Consigue tus boletos<\/span>\n\t\t\t\t\t<\/span>\n\t\t\t\t\t<\/a>\n\t\t\t\t\t\t\t\t<\/div>\n\t\t\t\t<\/div>\n\t\t<div class=\"elementor-element elementor-element-0e32b90 e-con-full e-flex e-con e-child\" data-id=\"0e32b90\" data-element_type=\"container\">\n\t\t\t\t<div class=\"elementor-element elementor-element-96cab85 elementor-widget__width-initial elementor-widget elementor-widget-text-editor\" data-id=\"96cab85\" data-element_type=\"widget\" data-widget_type=\"text-editor.default\">\n\t\t\t\t\t\t\t\t\t<p>16:00 \u2013 18:00 hrs<br \/>27-28 de Noviembre<\/p><p>Museo Morelense de Arte Contempor\u00e1neo (MMAC)<\/p>\t\t\t\t\t\t\t\t<\/div>\n\t\t\t\t<div class=\"elementor-element elementor-element-eaaedaf elementor-widget__width-initial elementor-widget elementor-widget-text-editor\" data-id=\"eaaedaf\" data-element_type=\"widget\" data-widget_type=\"text-editor.default\">\n\t\t\t\t\t\t\t\t\t<p><strong>Tuning In (Gardens)<\/strong><strong><br \/><\/strong><strong>Imparte Sabine Vogel<br \/><span style=\"letter-spacing: 0px;\">Dirigido a m\u00fasicos, bailarines, int\u00e9rpretes, artistas visuales y personas interesadas.<\/span><\/strong><\/p><p>Idioma: Ingl\u00e9s<br \/>Cupo Limitado a 10 personas<br \/><span style=\"letter-spacing: 0px;\"><br \/><\/span><\/p><p><span style=\"letter-spacing: 0px;\">Sintonizar significa sentir los lugares, el entorno o la propia situaci\u00f3n con diferentes sentidos y niveles de conciencia. \u00abSintonizar\u00bb es conectar con el mundo exterior, pero tambi\u00e9n es conectar con paisajes y espacios interiores: el yo interior que resuena, las intuiciones, las emociones y las pr\u00e1cticas aprendidas.\nCuando entramos en un bosque o en un campo ondulado, nos convertimos en parte de \u00e9l.\nCuando entramos en un bosque o en una extensa pradera, nos convertimos en parte de ella. Siempre formamos parte de un paisaje. Estamos en una asociaci\u00f3n ecosist\u00e9mica. En el momento en que estamos all\u00ed, lo influimos y \u00e9l nos influye y nos afecta, y este ciclo de retroalimentaci\u00f3n es la base del trabajo creativo que podemos realizar en cualquier lugar concreto.<\/span><\/p><div class=\"page\" title=\"Page 2\"><div class=\"layoutArea\"><div class=\"column\"><p>*Trae lo que consideres necesario para el taller: instrumentos, papel, bol\u00edgrafos, disfraces... Ten en cuenta que estaremos al aire libre. (crearemos y jugaremos al aire libre).<\/p><\/div><\/div><\/div>\t\t\t\t\t\t\t\t<\/div>\n\t\t\t\t<\/div>\n\t\t<div class=\"elementor-element elementor-element-c5bdcfc e-con-full e-flex e-con e-child\" data-id=\"c5bdcfc\" data-element_type=\"container\">\n\t\t\t\t<div class=\"elementor-element elementor-element-70b5a84 elementor-align-justify elementor-widget__width-initial elementor-widget elementor-widget-button\" data-id=\"70b5a84\" data-element_type=\"widget\" data-widget_type=\"button.default\">\n\t\t\t\t\t\t\t\t\t\t<a class=\"elementor-button elementor-button-link elementor-size-sm\" href=\"https:\/\/www.eventbrite.es\/e\/leam-fest-2025-workshop-2-tuning-in-tickets-1761769071719?aff=oddtdtcreator&#038;keep_tld=1\" target=\"_blank\">\n\t\t\t\t\t\t<span class=\"elementor-button-content-wrapper\">\n\t\t\t\t\t\t\t\t\t<span class=\"elementor-button-text\">Consigue tus boletos<\/span>\n\t\t\t\t\t<\/span>\n\t\t\t\t\t<\/a>\n\t\t\t\t\t\t\t\t<\/div>\n\t\t\t\t<\/div>\n\t\t<div class=\"elementor-element elementor-element-c36820f e-con-full e-flex e-con e-child\" data-id=\"c36820f\" data-element_type=\"container\">\n\t\t\t\t<div class=\"elementor-element elementor-element-8876289 elementor-widget__width-initial elementor-widget elementor-widget-text-editor\" data-id=\"8876289\" data-element_type=\"widget\" data-widget_type=\"text-editor.default\">\n\t\t\t\t\t\t\t\t\t<p>16:00 \u2013 18:00 hrs<br \/>27-28 de Noviembre<\/p><p>Museo Morelense de Arte Contempor\u00e1neo (MMAC)<\/p>\t\t\t\t\t\t\t\t<\/div>\n\t\t\t\t<div class=\"elementor-element elementor-element-0d600c2 elementor-widget__width-initial elementor-widget elementor-widget-text-editor\" data-id=\"0d600c2\" data-element_type=\"widget\" data-widget_type=\"text-editor.default\">\n\t\t\t\t\t\t\t\t\t<h5><b>Music for Percussion (Open Space)<br \/>Imparte We Spoke<\/b><br \/>Para percusionistas y m\u00fasicos<\/h5><div>Idioma: Ingl\u00e9s<\/div><div>Cupo Limitado a 10 personas<\/div><div>\u00a0<\/div><div><p>Una bater\u00eda, objetos encontrados, gestos compartidos... We Spoke explora c\u00f3mo el sonido puede surgir de lo cotidiano. En este programa, la m\u00fasica se convierte en un espacio para escuchar, reciclar y reimaginar nuestro futuro juntos.<\/p><\/div>\t\t\t\t\t\t\t\t<\/div>\n\t\t\t\t<\/div>\n\t\t<div class=\"elementor-element elementor-element-48080be e-con-full e-flex e-con e-child\" data-id=\"48080be\" data-element_type=\"container\">\n\t\t\t\t<div class=\"elementor-element elementor-element-4d71e37 elementor-align-justify elementor-widget__width-initial elementor-widget elementor-widget-button\" data-id=\"4d71e37\" data-element_type=\"widget\" data-widget_type=\"button.default\">\n\t\t\t\t\t\t\t\t\t\t<a class=\"elementor-button elementor-button-link elementor-size-sm\" href=\"https:\/\/www.eventbrite.es\/e\/leam-fest-2025-workshop-4-we-spoke-tickets-1761861066879?aff=oddtdtcreator&#038;keep_tld=1\" target=\"_blank\">\n\t\t\t\t\t\t<span class=\"elementor-button-content-wrapper\">\n\t\t\t\t\t\t\t\t\t<span class=\"elementor-button-text\">Consigue tus boletos<\/span>\n\t\t\t\t\t<\/span>\n\t\t\t\t\t<\/a>\n\t\t\t\t\t\t\t\t<\/div>\n\t\t\t\t<\/div>\n\t\t<div class=\"elementor-element elementor-element-bc6e3d7 e-con-full e-flex e-con e-child\" data-id=\"bc6e3d7\" data-element_type=\"container\">\n\t\t\t\t<div class=\"elementor-element elementor-element-87ebf13 elementor-widget__width-initial elementor-widget elementor-widget-text-editor\" data-id=\"87ebf13\" data-element_type=\"widget\" data-widget_type=\"text-editor.default\">\n\t\t\t\t\t\t\t\t\t<p>16:00 a 17:30 hrs<br \/>29 de Noviembre<\/p><p>Concierto 17:30 \u2013 18:00 hrs<br \/>Dirigido a ni\u00f1as y ni\u00f1os de 9 a 12 a\u00f1os<br \/>Museo Morelense de Arte Contempor\u00e1neo (MMAC)<\/p>\t\t\t\t\t\t\t\t<\/div>\n\t\t\t\t<div class=\"elementor-element elementor-element-48d4750 elementor-widget__width-initial elementor-widget elementor-widget-text-editor\" data-id=\"48d4750\" data-element_type=\"widget\" data-widget_type=\"text-editor.default\">\n\t\t\t\t\t\t\t\t\t<h5>Taller de Construcci\u00f3n de Instrumentos Musicales con Material Reciclado (T2)<br \/>Imparte: Maestro Gilberto Ram\u00edrez Lucero<\/h5><p>Idioma: Espa\u00f1ol<br \/>Cupo Limitado a 10 ni\u00f1@s<\/p><p>Este espacio tiene como finalidad sensibilizar a la ni\u00f1ez en torno al cuidado del medio ambiente mediante el uso creativo de materiales reciclados, transform\u00e1ndolos en instrumentos musicales. De esta manera, se promueve el aprovechamiento responsable de recursos, al mismo tiempo que se fomenta la expresi\u00f3n art\u00edstica, el trabajo colaborativo y la conciencia ecol\u00f3gica.<\/p><p>El taller permite a las y los participantes:<\/p><ul><li>Explorar la relaci\u00f3n entre arte y sustentabilidad.<\/li><li>Reconocer la importancia de reducir, reutilizar y reciclar en su vida cotidiana.<\/li><li>Fortalecer su creatividad y habilidades motrices a trav\u00e9s de la m\u00fasica.<\/li><li>Participar en un proceso de construcci\u00f3n colectiva que culmina en la producci\u00f3n sonora.<\/li><\/ul><p>Como resultado del trabajo, al finalizar se ofrecer\u00e1 un concierto colectivo en el que las ni\u00f1as y los ni\u00f1os interpretar\u00e1n piezas musicales con los instrumentos elaborados. Esta actividad no solo visibiliza el potencial transformador del arte en contextos ambientales, sino que tambi\u00e9n se convierte en un acto simb\u00f3lico: mostrar c\u00f3mo, a partir de materiales\ndesechados, es posible crear nuevos sonidos, nuevas ideas y futuros m\u00e1s sustentables.\nTambi\u00e9n pretende fomentar la educaci\u00f3n ambiental, creatividad art\u00edstica y participaci\u00f3n\ncomunitaria, inspirando a la ni\u00f1ez a ser agentes de cambio frente a los retos del cambio\nclim\u00e1tico.<\/p>\t\t\t\t\t\t\t\t<\/div>\n\t\t\t\t<\/div>\n\t\t<div class=\"elementor-element elementor-element-495b2f3 e-con-full e-flex e-con e-child\" data-id=\"495b2f3\" data-element_type=\"container\">\n\t\t\t\t<div class=\"elementor-element elementor-element-400c818 elementor-align-justify elementor-widget__width-initial elementor-widget elementor-widget-button\" data-id=\"400c818\" data-element_type=\"widget\" data-widget_type=\"button.default\">\n\t\t\t\t\t\t\t\t\t\t<a class=\"elementor-button elementor-button-link elementor-size-sm\" href=\"https:\/\/www.eventbrite.es\/e\/leam-fest-2025-workshop-5-construccion-de-instrumentos-musicales-tickets-1761891828889?aff=oddtdtcreator&#038;keep_tld=1\" target=\"_blank\">\n\t\t\t\t\t\t<span class=\"elementor-button-content-wrapper\">\n\t\t\t\t\t\t\t\t\t<span class=\"elementor-button-text\">Consigue tus boletos<\/span>\n\t\t\t\t\t<\/span>\n\t\t\t\t\t<\/a>\n\t\t\t\t\t\t\t\t<\/div>\n\t\t\t\t<\/div>\n\t\t<div class=\"elementor-element elementor-element-54e0ea6 e-con-full e-flex e-con e-child\" data-id=\"54e0ea6\" data-element_type=\"container\">\n\t\t\t\t<div class=\"elementor-element elementor-element-5f7a3d9 elementor-widget__width-initial elementor-widget elementor-widget-text-editor\" data-id=\"5f7a3d9\" data-element_type=\"widget\" data-widget_type=\"text-editor.default\">\n\t\t\t\t\t\t\t\t\t<p>28-29 de November<br \/>08:00 \u2013 9:30 am<br \/>Museo Morelense de Arte Contempor\u00e1neo (MMAC)<\/p>\t\t\t\t\t\t\t\t<\/div>\n\t\t\t\t<div class=\"elementor-element elementor-element-e5087d9 elementor-widget__width-initial elementor-widget elementor-widget-text-editor\" data-id=\"e5087d9\" data-element_type=\"widget\" data-widget_type=\"text-editor.default\">\n\t\t\t\t\t\t\t\t\t<h5>Introducci\u00f3n a la bioac\u00fastica, grabaci\u00f3n de campo e identificaci\u00f3n de aves (Jardines)<br \/>Imparten: Dr. Fernando Gonz\u00e1lez y Dr. Fernando Urbina\u00a0<\/h5><p>Idioma: Espa\u00f1ol<br \/>Cupo Limitado a 10 personas<br \/>Para artistas, cient\u00edficos y cualquier persona interesada en explorar la relaci\u00f3n entre el arte, la ciencia y la ecolog\u00eda del paisaje sonoro.<\/p><p>Este taller ofrece una aproximaci\u00f3n te\u00f3rico-pr\u00e1ctica al mundo del sonido en el medio ambiente.<br \/>A trav\u00e9s de dos sesiones pr\u00e1cticas, los participantes aprender\u00e1n los fundamentos de la bioac\u00fastica, t\u00e9cnicas b\u00e1sicas de grabaci\u00f3n de campo y m\u00e9todos para identificar aves por su canto.<\/p><p>*Se sugiere traer grabadora y micr\u00f3fono(s) si se dispone de ellos, pero no es necesario contar con equipo propio para participar en el taller.<\/p>\t\t\t\t\t\t\t\t<\/div>\n\t\t\t\t<\/div>\n\t\t<div class=\"elementor-element elementor-element-33eed02 e-con-full e-flex e-con e-child\" data-id=\"33eed02\" data-element_type=\"container\">\n\t\t\t\t<div class=\"elementor-element elementor-element-95669ab elementor-align-justify elementor-widget__width-initial elementor-widget elementor-widget-button\" data-id=\"95669ab\" data-element_type=\"widget\" data-widget_type=\"button.default\">\n\t\t\t\t\t\t\t\t\t\t<a class=\"elementor-button elementor-button-link elementor-size-sm\" href=\"https:\/\/www.eventbrite.com\/e\/leam-fest-2025-workshop-6-bioacustica-y-grabacion-de-campo-de-aves-tickets-1808948225839?aff=oddtdtcreator\" target=\"_blank\">\n\t\t\t\t\t\t<span class=\"elementor-button-content-wrapper\">\n\t\t\t\t\t\t\t\t\t<span class=\"elementor-button-text\">Consigue tus boletos<\/span>\n\t\t\t\t\t<\/span>\n\t\t\t\t\t<\/a>\n\t\t\t\t\t\t\t\t<\/div>\n\t\t\t\t<\/div>\n\t\t<div class=\"elementor-element elementor-element-fdbdc5c e-con-full e-flex e-con e-child\" data-id=\"fdbdc5c\" data-element_type=\"container\">\n\t\t\t\t<div class=\"elementor-element elementor-element-db7f0ca elementor-widget__width-initial elementor-widget elementor-widget-text-editor\" data-id=\"db7f0ca\" data-element_type=\"widget\" data-widget_type=\"text-editor.default\">\n\t\t\t\t\t\t\t\t\t<p>3 de Diciembre<br \/>10:00 am. to 13:00 hrs\u00a0<br \/>Venue: Sonidario, Sala de Escucha Inmersiva de la Fonoteca Nacional en los Pinos.<br \/>Complejo Cultural Los Pinos Auditorio C<\/p>\t\t\t\t\t\t\t\t<\/div>\n\t\t\t\t<div class=\"elementor-element elementor-element-8c825e7 elementor-widget__width-initial elementor-widget elementor-widget-text-editor\" data-id=\"8c825e7\" data-element_type=\"widget\" data-widget_type=\"text-editor.default\">\n\t\t\t\t\t\t\t\t\t<h5><b>Introduction to 3D Spatial Audio (Sonidario)<br \/><\/b>Imparte: Dr. Garth Paine<br \/>Dirigido a compositores electroac\u00fasticos<\/h5><p>Idioma: Ingl\u00e9s<br \/>Cupo Limitado a 20 personas<\/p><p>Este evento se organiza en colaboraci\u00f3n con la Fonoteca Nacional de M\u00e9xico.<\/p><p>Este taller de tres horas ofrece una inmersi\u00f3n profunda en los fundamentos t\u00e9cnicos y las posibilidades art\u00edsticas del trabajo con una c\u00fapula ambis\u00f3nica de quinto orden. Los participantes explorar\u00e1n los principios de la ambis\u00f3nica de orden superior, desde los flujos de trabajo de codificaci\u00f3n y decodificaci\u00f3n hasta la calibraci\u00f3n pr\u00e1ctica y las herramientas de software, antes de participar en una sesi\u00f3n pr\u00e1ctica que muestra la espacializaci\u00f3n en tiempo real y el dise\u00f1o creativo del sonido. Adem\u00e1s de la formaci\u00f3n t\u00e9cnica, el taller hace hincapi\u00e9 en la ecolog\u00eda ac\u00fastica, la est\u00e9tica espacial, la psicoac\u00fastica y las estrategias compositivas, invitando a los participantes a experimentar con el sonido como medio escult\u00f3rico y narrativo. Al final, los asistentes habr\u00e1n adquirido tanto habilidades pr\u00e1cticas como conocimientos art\u00edsticos para ampliar su propia pr\u00e1ctica del audio espacial.<\/p><p>Requisitos:<br \/>*Experiencia con DAW y composici\u00f3n electroac\u00fastica, y pr\u00e1ctica previa en paisajes sonoros y audio espacial. <br \/>*Se requiere compromiso para asistir a las actividades previas en el festival.<br \/>*Las entradas solo se emitir\u00e1n a personas que cumplan todos los requisitos. Lamentablemente, si no se cumplen los requisitos, el pedido se cancelar\u00e1.<\/p>\t\t\t\t\t\t\t\t<\/div>\n\t\t\t\t<\/div>\n\t\t<div class=\"elementor-element elementor-element-332ce98 e-con-full e-flex e-con e-child\" data-id=\"332ce98\" data-element_type=\"container\">\n\t\t\t\t<div class=\"elementor-element elementor-element-fc87846 elementor-align-justify elementor-widget__width-initial elementor-widget elementor-widget-button\" data-id=\"fc87846\" data-element_type=\"widget\" data-widget_type=\"button.default\">\n\t\t\t\t\t\t\t\t\t\t<a class=\"elementor-button elementor-button-link elementor-size-sm\" href=\"https:\/\/www.eventbrite.com\/e\/leam-fest-2025-workshop-7-introduction-to-3d-spatial-audio-tickets-1808928426619?aff=oddtdtcreator\" target=\"_blank\">\n\t\t\t\t\t\t<span class=\"elementor-button-content-wrapper\">\n\t\t\t\t\t\t\t\t\t<span class=\"elementor-button-text\">Consigue tus boletos<\/span>\n\t\t\t\t\t<\/span>\n\t\t\t\t\t<\/a>\n\t\t\t\t\t\t\t\t<\/div>\n\t\t\t\t<\/div>\n\t\t\t\t<\/div>\n\t\t\t\t\t<\/div>\n\t\t\t\t<\/div>\n\t\t\t\t<\/div>","protected":false},"excerpt":{"rendered":"<p>1st International Festival LEAM \u201cImagining Common Futures\u201d Art, Sustainability and Climate Change Workshops *Free activity, (admission only with prior registration.)*Registration is required to participate.*Participants are required<span class=\"excerpt-hellip\"> [\u2026]<\/span><\/p>","protected":false},"author":1,"featured_media":0,"parent":58,"menu_order":11,"comment_status":"closed","ping_status":"closed","template":"","meta":{"footnotes":""},"class_list":["post-76","page","type-page","status-publish","hentry"],"_links":{"self":[{"href":"https:\/\/leam-mx.org\/es\/wp-json\/wp\/v2\/pages\/76","targetHints":{"allow":["GET"]}}],"collection":[{"href":"https:\/\/leam-mx.org\/es\/wp-json\/wp\/v2\/pages"}],"about":[{"href":"https:\/\/leam-mx.org\/es\/wp-json\/wp\/v2\/types\/page"}],"author":[{"embeddable":true,"href":"https:\/\/leam-mx.org\/es\/wp-json\/wp\/v2\/users\/1"}],"replies":[{"embeddable":true,"href":"https:\/\/leam-mx.org\/es\/wp-json\/wp\/v2\/comments?post=76"}],"version-history":[{"count":232,"href":"https:\/\/leam-mx.org\/es\/wp-json\/wp\/v2\/pages\/76\/revisions"}],"predecessor-version":[{"id":1669,"href":"https:\/\/leam-mx.org\/es\/wp-json\/wp\/v2\/pages\/76\/revisions\/1669"}],"up":[{"embeddable":true,"href":"https:\/\/leam-mx.org\/es\/wp-json\/wp\/v2\/pages\/58"}],"wp:attachment":[{"href":"https:\/\/leam-mx.org\/es\/wp-json\/wp\/v2\/media?parent=76"}],"curies":[{"name":"wp","href":"https:\/\/api.w.org\/{rel}","templated":true}]}}